{"id":805,"date":"2026-07-02T16:34:18","date_gmt":"2026-07-02T16:34:18","guid":{"rendered":"https:\/\/fest.gimm.pt\/oradores-dia-publico\/"},"modified":"2026-08-31T14:48:15","modified_gmt":"2026-08-31T14:48:15","slug":"oradores-dia-publico","status":"publish","type":"page","link":"https:\/\/fest.gimm.pt\/pt-pt\/oradores-dia-publico\/","title":{"rendered":"Oradores | Dia P\u00fablico"},"content":{"rendered":"<div style=\"position: relative;\" id=\"\" class=\"alignfull\">\n\n\t\n\t\n\t<div style=\"background-color: ;\" class=\"wrapper_section  \">\n\n\t\t<section >\n\t\t\t<div class=\"container\">\n\n\n\t\t\t\t\n\t\t\t\t\t<div class=\"row\">\n\t\t\t\t\t\t<div class=\"col-md-6 pt-2 pb-2 d-flex justify-content-start\">\n\t\t\t\t\t\t\t<h2 class=\"gimm_title mt-4 mb-4 wow fadeInLeft\"\n\t\t\t\t\t\t\t\tstyle=\"visibility: visible; animation-name: fadeInLeft;\">\n\t\t\t\t\t\t\t\tConhe\u00e7a os\/as nossos\/as Oradores\/as\t\t\t\t\t\t\t<\/h2>\n\t\t\t\t\t\t<\/div>\n\t\t\t\t\t\t<div class=\"col-md-6 pt-2 pb-2 d-flex justify-content-end\">\n\n\t\t\t\t\t\t<\/div>\n\t\t\t\t\t<\/div>\n\t\t\t\t\t\t\t\t<div class=\"acf-innerblocks-container\">\n<div style=\"position: relative;\" id=\"\" >\n\n\n\t\n\t<div>\n\n\t\t<div class=\"row\">\n<!-- <div style=\"position: relative;\" id=\"\" > -->\n\n\n\n<div class=\"col-sm-2 text-center\">\n\t<div class=\"acf-innerblocks-container\">\n<div style=\"position: relative;\" id=\"\" >\n\n\t\n\t<div  class=\"card wow fadeInUp\">\n\t\t<a data-bs-toggle=\"modal\" data-bs-target=\"#speaker1\" href=\"javascript:void(0)\" class=\"link\">\n\t\t\t<div class=\"effect-image-1 zoom-effect-1\">\n\t\t\t\t<img decoding=\"async\" class=\"img-fluid\" src=\"https:\/\/fest.gimm.pt\/wp-content\/uploads\/sites\/25\/2026\/07\/Alexandre-Silva_Website.png\" alt=\"GIMM\">\n\t\t\t<\/div>\n\t\t<\/a>\n\t\t<div style=\"background-color: #ffffff; color: #331C54 \" class=\"card-body\">\n\t\t\t<a data-bs-toggle=\"modal\" data-bs-target=\"#speaker1\" href=\"javascript:void(0)\" style=\"color: #331C54\" class=\"link\">Alexandre Silva<\/a>\n\t\t<\/div>\n\t<\/div>\n<\/div>\n\n\n<h6 class=\"wp-block-heading has-text-align-center\"><\/h6>\n\n<\/div>\n<\/div>\n<!-- <\/div> -->\n\n<!-- <div style=\"position: relative;\" id=\"\" > -->\n\n\n\n<div class=\"col-sm-2 text-center\">\n\t<div class=\"acf-innerblocks-container\">\n<div style=\"position: relative;\" id=\"\" >\n\n\t\n\t<div  class=\"card wow fadeInUp\">\n\t\t<a data-bs-toggle=\"modal\" data-bs-target=\"#speaker2\" href=\"javascript:void(0)\" class=\"link\">\n\t\t\t<div class=\"effect-image-1 zoom-effect-1\">\n\t\t\t\t<img decoding=\"async\" class=\"img-fluid\" src=\"https:\/\/fest.gimm.pt\/wp-content\/uploads\/sites\/25\/2026\/08\/Ana-Peneda-Moreira_Site.png\" alt=\"GIMM\">\n\t\t\t<\/div>\n\t\t<\/a>\n\t\t<div style=\"background-color: #ffffff; color: #331C54 \" class=\"card-body\">\n\t\t\t<a data-bs-toggle=\"modal\" data-bs-target=\"#speaker2\" href=\"javascript:void(0)\" style=\"color: #331C54\" class=\"link\">Ana Peneda Moreira<\/a>\n\t\t<\/div>\n\t<\/div>\n<\/div>\n\n\n<h6 class=\"wp-block-heading has-text-align-center\">SIC<\/h6>\n\n<\/div>\n<\/div>\n<!-- <\/div> -->\n\n<!-- <div style=\"position: relative;\" id=\"\" > -->\n\n\n\n<div class=\"col-sm-2 text-center\">\n\t<div class=\"acf-innerblocks-container\">\n<div style=\"position: relative;\" id=\"\" >\n\n\t\n\t<div  class=\"card wow fadeInUp\">\n\t\t<a data-bs-toggle=\"modal\" data-bs-target=\"#speaker3\" href=\"javascript:void(0)\" class=\"link\">\n\t\t\t<div class=\"effect-image-1 zoom-effect-1\">\n\t\t\t\t<img decoding=\"async\" class=\"img-fluid\" src=\"https:\/\/fest.gimm.pt\/wp-content\/uploads\/sites\/25\/2026\/07\/Ana-Santos-Almeida_Website.png\" alt=\"GIMM\">\n\t\t\t<\/div>\n\t\t<\/a>\n\t\t<div style=\"background-color: #ffffff; color: #331C54 \" class=\"card-body\">\n\t\t\t<a data-bs-toggle=\"modal\" data-bs-target=\"#speaker3\" href=\"javascript:void(0)\" style=\"color: #331C54\" class=\"link\">Ana Santos Almeida<\/a>\n\t\t<\/div>\n\t<\/div>\n<\/div>\n\n\n<h6 class=\"wp-block-heading has-text-align-center\"><mark style=\"background-color:rgba(0, 0, 0, 0);color:#331c54\" class=\"has-inline-color\"><mark style=\"background-color:rgba(0, 0, 0, 0);color:#331c54\" class=\"has-inline-color\"><mark style=\"background-color:rgba(0, 0, 0, 0);color:#331c54\" class=\"has-inline-color\"><mark style=\"background-color:rgba(0, 0, 0, 0);color:#331c54\" class=\"has-inline-color\"><mark style=\"background-color:rgba(0, 0, 0, 0);color:#331c54\" class=\"has-inline-color\"><mark style=\"background-color:rgba(0, 0, 0, 0);color:#331c54\" class=\"has-inline-color\">GIMM CARE, Faculdade de Medicina da Universidade de Lisboa<\/mark><\/mark><\/mark><\/mark><\/mark><\/mark><\/h6>\n\n<\/div>\n<\/div>\n<!-- <\/div> -->\n\n<!-- <div style=\"position: relative;\" id=\"\" > -->\n\n\n\n<div class=\"col-sm-2 text-center\">\n\t<div class=\"acf-innerblocks-container\">\n<div style=\"position: relative;\" id=\"\" >\n\n\t\n\t<div  class=\"card wow fadeInUp\">\n\t\t<a data-bs-toggle=\"modal\" data-bs-target=\"#speaker4\" href=\"javascript:void(0)\" class=\"link\">\n\t\t\t<div class=\"effect-image-1 zoom-effect-1\">\n\t\t\t\t<img decoding=\"async\" class=\"img-fluid\" src=\"https:\/\/fest.gimm.pt\/wp-content\/uploads\/sites\/25\/2026\/08\/Carlos-Moedas_Website.png\" alt=\"GIMM\">\n\t\t\t<\/div>\n\t\t<\/a>\n\t\t<div style=\"background-color: #ffffff; color: #331C54 \" class=\"card-body\">\n\t\t\t<a data-bs-toggle=\"modal\" data-bs-target=\"#speaker4\" href=\"javascript:void(0)\" style=\"color: #331C54\" class=\"link\">Carlos Moedas<\/a>\n\t\t<\/div>\n\t<\/div>\n<\/div>\n\n\n<h6 class=\"wp-block-heading has-text-align-center\"><mark style=\"background-color:rgba(0, 0, 0, 0);color:#331c54\" class=\"has-inline-color\"><mark style=\"background-color:rgba(0, 0, 0, 0);color:#331c54\" class=\"has-inline-color\"><mark style=\"background-color:rgba(0, 0, 0, 0);color:#331c54\" class=\"has-inline-color\"><mark style=\"background-color:rgba(0, 0, 0, 0);color:#331c54\" class=\"has-inline-color\"><mark style=\"background-color:rgba(0, 0, 0, 0);color:#331c54\" class=\"has-inline-color\"><mark style=\"background-color:rgba(0, 0, 0, 0);color:#331c54\" class=\"has-inline-color\"><mark style=\"background-color:rgba(0, 0, 0, 0);color:#331c54\" class=\"has-inline-color\"><mark style=\"background-color:rgba(0, 0, 0, 0);color:#331c54\" class=\"has-inline-color\"><mark style=\"background-color:rgba(0, 0, 0, 0);color:#331c54\" class=\"has-inline-color\"><mark style=\"background-color:rgba(0, 0, 0, 0);color:#331c54\" class=\"has-inline-color\"><mark style=\"background-color:rgba(0, 0, 0, 0);color:#331c54\" class=\"has-inline-color\"><mark style=\"background-color:rgba(0, 0, 0, 0);color:#331c54\" class=\"has-inline-color\">Presidente da C\u00e2mara Municipal de Lisboa<\/mark><\/mark><\/mark><\/mark><\/mark><\/mark><\/mark><\/mark><\/mark><\/mark><\/mark><\/mark><\/h6>\n\n<\/div>\n<\/div>\n<!-- <\/div> -->\n\n<!-- <div style=\"position: relative;\" id=\"\" > -->\n\n\n\n<div class=\"col-sm-2 text-center\">\n\t<div class=\"acf-innerblocks-container\">\n<div style=\"position: relative;\" id=\"\" >\n\n\t\n\t<div  class=\"card wow fadeInUp\">\n\t\t<a data-bs-toggle=\"modal\" data-bs-target=\"#speaker5\" href=\"javascript:void(0)\" class=\"link\">\n\t\t\t<div class=\"effect-image-1 zoom-effect-1\">\n\t\t\t\t<img decoding=\"async\" class=\"img-fluid\" src=\"https:\/\/fest.gimm.pt\/wp-content\/uploads\/sites\/25\/2026\/07\/Cristovao-Sousa_Website.png\" alt=\"GIMM\">\n\t\t\t<\/div>\n\t\t<\/a>\n\t\t<div style=\"background-color: #ffffff; color: #331C54 \" class=\"card-body\">\n\t\t\t<a data-bs-toggle=\"modal\" data-bs-target=\"#speaker5\" href=\"javascript:void(0)\" style=\"color: #331C54\" class=\"link\">Crist\u00f3v\u00e3o Sousa<\/a>\n\t\t<\/div>\n\t<\/div>\n<\/div>\n\n\n<h6 class=\"wp-block-heading has-text-align-center\"><mark style=\"background-color:rgba(0, 0, 0, 0);color:#331c54\" class=\"has-inline-color\">GIMM CARE<\/mark><\/h6>\n\n<\/div>\n<\/div>\n<!-- <\/div> -->\n\n<!-- <div style=\"position: relative;\" id=\"\" > -->\n\n\n\n<div class=\"col-sm-2 text-center\">\n\t<div class=\"acf-innerblocks-container\">\n<div style=\"position: relative;\" id=\"\" >\n\n\t\n\t<div  class=\"card wow fadeInUp\">\n\t\t<a data-bs-toggle=\"modal\" data-bs-target=\"#speaker6\" href=\"javascript:void(0)\" class=\"link\">\n\t\t\t<div class=\"effect-image-1 zoom-effect-1\">\n\t\t\t\t<img decoding=\"async\" class=\"img-fluid\" src=\"https:\/\/fest.gimm.pt\/wp-content\/uploads\/sites\/25\/2026\/08\/Ines-Domingues_Site.png\" alt=\"GIMM\">\n\t\t\t<\/div>\n\t\t<\/a>\n\t\t<div style=\"background-color: #ffffff; color: #331C54 \" class=\"card-body\">\n\t\t\t<a data-bs-toggle=\"modal\" data-bs-target=\"#speaker6\" href=\"javascript:void(0)\" style=\"color: #331C54\" class=\"link\">In\u00eas Domingues<\/a>\n\t\t<\/div>\n\t<\/div>\n<\/div>\n\n\n<h6 class=\"wp-block-heading has-text-align-center\"><mark style=\"background-color:rgba(0, 0, 0, 0);color:#331c54\" class=\"has-inline-color\">GIMM<\/mark><\/h6>\n\n<\/div>\n<\/div>\n<!-- <\/div> -->\n<\/div>\n\n\t<\/div>\n<\/div>\n\n\n<div style=\"height:40px\" aria-hidden=\"true\" class=\"wp-block-spacer\"><\/div>\n\n\n<div style=\"position: relative;\" id=\"\" >\n\n\n\t\n\t<div>\n\n\t\t<div class=\"row\">\n<!-- <div style=\"position: relative;\" id=\"\" > -->\n\n\n\n<div class=\"col-sm-2 text-center\">\n\t<div class=\"acf-innerblocks-container\">\n<div style=\"position: relative;\" id=\"\" >\n\n\t\n\t<div  class=\"card wow fadeInUp\">\n\t\t<a data-bs-toggle=\"modal\" data-bs-target=\"#speaker7\" href=\"javascript:void(0)\" class=\"link\">\n\t\t\t<div class=\"effect-image-1 zoom-effect-1\">\n\t\t\t\t<img decoding=\"async\" class=\"img-fluid\" src=\"https:\/\/fest.gimm.pt\/wp-content\/uploads\/sites\/25\/2026\/02\/Isabel-Gordo_Site.png\" alt=\"GIMM\">\n\t\t\t<\/div>\n\t\t<\/a>\n\t\t<div style=\"background-color: #ffffff; color: #331C54 \" class=\"card-body\">\n\t\t\t<a data-bs-toggle=\"modal\" data-bs-target=\"#speaker7\" href=\"javascript:void(0)\" style=\"color: #331C54\" class=\"link\">Isabel Gordo<\/a>\n\t\t<\/div>\n\t<\/div>\n<\/div>\n\n\n<h6 class=\"wp-block-heading has-text-align-center\"><mark style=\"background-color:rgba(0, 0, 0, 0);color:#331c54\" class=\"has-inline-color\"><mark style=\"background-color:rgba(0, 0, 0, 0);color:#331c54\" class=\"has-inline-color\"><mark style=\"background-color:rgba(0, 0, 0, 0);color:#331c54\" class=\"has-inline-color\"><mark style=\"background-color:rgba(0, 0, 0, 0);color:#331c54\" class=\"has-inline-color\"><mark style=\"background-color:rgba(0, 0, 0, 0);color:#331c54\" class=\"has-inline-color\"><mark style=\"background-color:rgba(0, 0, 0, 0);color:#331c54\" class=\"has-inline-color\">GIMM<\/mark><\/mark><\/mark><\/mark><\/mark><\/mark><\/h6>\n\n<\/div>\n<\/div>\n<!-- <\/div> -->\n\n<!-- <div style=\"position: relative;\" id=\"\" > -->\n\n\n\n<div class=\"col-sm-2 text-center\">\n\t<div class=\"acf-innerblocks-container\">\n<div style=\"position: relative;\" id=\"\" >\n\n\t\n\t<div  class=\"card wow fadeInUp\">\n\t\t<a data-bs-toggle=\"modal\" data-bs-target=\"#speaker8\" href=\"javascript:void(0)\" class=\"link\">\n\t\t\t<div class=\"effect-image-1 zoom-effect-1\">\n\t\t\t\t<img decoding=\"async\" class=\"img-fluid\" src=\"https:\/\/fest.gimm.pt\/wp-content\/uploads\/sites\/25\/2026\/08\/Margarida-Santos_Website.png\" alt=\"GIMM\">\n\t\t\t<\/div>\n\t\t<\/a>\n\t\t<div style=\"background-color: #ffffff; color: #331C54 \" class=\"card-body\">\n\t\t\t<a data-bs-toggle=\"modal\" data-bs-target=\"#speaker8\" href=\"javascript:void(0)\" style=\"color: #331C54\" class=\"link\">Margarida Santos<\/a>\n\t\t<\/div>\n\t<\/div>\n<\/div>\n\n\n<h6 class=\"wp-block-heading has-text-align-center\"><mark style=\"background-color:rgba(0, 0, 0, 0);color:#331c54\" class=\"has-inline-color\">SIC<\/mark><\/h6>\n\n<\/div>\n<\/div>\n<!-- <\/div> -->\n\n<!-- <div style=\"position: relative;\" id=\"\" > -->\n\n\n\n<div class=\"col-sm-2 text-center\">\n\t<div class=\"acf-innerblocks-container\">\n<div style=\"position: relative;\" id=\"\" >\n\n\t\n\t<div  class=\"card wow fadeInUp\">\n\t\t<a data-bs-toggle=\"modal\" data-bs-target=\"#speaker9\" href=\"javascript:void(0)\" class=\"link\">\n\t\t\t<div class=\"effect-image-1 zoom-effect-1\">\n\t\t\t\t<img decoding=\"async\" class=\"img-fluid\" src=\"https:\/\/fest.gimm.pt\/wp-content\/uploads\/sites\/25\/2026\/07\/Maria-Mota_Site.png\" alt=\"GIMM\">\n\t\t\t<\/div>\n\t\t<\/a>\n\t\t<div style=\"background-color: #ffffff; color: #331C54 \" class=\"card-body\">\n\t\t\t<a data-bs-toggle=\"modal\" data-bs-target=\"#speaker9\" href=\"javascript:void(0)\" style=\"color: #331C54\" class=\"link\">Maria Mota<\/a>\n\t\t<\/div>\n\t<\/div>\n<\/div>\n\n\n<h6 class=\"wp-block-heading has-text-align-center\"><mark style=\"background-color:rgba(0, 0, 0, 0);color:#331c54\" class=\"has-inline-color\"><mark style=\"background-color:rgba(0, 0, 0, 0);color:#331c54\" class=\"has-inline-color\"><mark style=\"background-color:rgba(0, 0, 0, 0);color:#331c54\" class=\"has-inline-color\"><mark style=\"background-color:rgba(0, 0, 0, 0);color:#331c54\" class=\"has-inline-color\"><mark style=\"background-color:rgba(0, 0, 0, 0);color:#331c54\" class=\"has-inline-color\"><mark style=\"background-color:rgba(0, 0, 0, 0);color:#331c54\" class=\"has-inline-color\"><mark style=\"background-color:rgba(0, 0, 0, 0);color:#331c54\" class=\"has-inline-color\"><mark style=\"background-color:rgba(0, 0, 0, 0);color:#331c54\" class=\"has-inline-color\"><mark style=\"background-color:rgba(0, 0, 0, 0);color:#331c54\" class=\"has-inline-color\"><mark style=\"background-color:rgba(0, 0, 0, 0);color:#331c54\" class=\"has-inline-color\"><mark style=\"background-color:rgba(0, 0, 0, 0);color:#331c54\" class=\"has-inline-color\"><mark style=\"background-color:rgba(0, 0, 0, 0);color:#331c54\" class=\"has-inline-color\">GIMM, Faculdade de Medicina da Universidade de Lisboa<\/mark><\/mark><\/mark><\/mark><\/mark><\/mark><\/mark><\/mark><\/mark><\/mark><\/mark><\/mark><\/h6>\n\n<\/div>\n<\/div>\n<!-- <\/div> -->\n\n<!-- <div style=\"position: relative;\" id=\"\" > -->\n\n\n\n<div class=\"col-sm-2 text-center\">\n\t<div class=\"acf-innerblocks-container\">\n<div style=\"position: relative;\" id=\"\" >\n\n\t\n\t<div  class=\"card wow fadeInUp\">\n\t\t<a data-bs-toggle=\"modal\" data-bs-target=\"#speaker10\" href=\"javascript:void(0)\" class=\"link\">\n\t\t\t<div class=\"effect-image-1 zoom-effect-1\">\n\t\t\t\t<img decoding=\"async\" class=\"img-fluid\" src=\"https:\/\/fest.gimm.pt\/wp-content\/uploads\/sites\/25\/2026\/07\/Patricia-Costa-Reis_Website.png\" alt=\"GIMM\">\n\t\t\t<\/div>\n\t\t<\/a>\n\t\t<div style=\"background-color: #ffffff; color: #331C54 \" class=\"card-body\">\n\t\t\t<a data-bs-toggle=\"modal\" data-bs-target=\"#speaker10\" href=\"javascript:void(0)\" style=\"color: #331C54\" class=\"link\">Patr\u00edcia Costa Reis<\/a>\n\t\t<\/div>\n\t<\/div>\n<\/div>\n\n\n<h6 class=\"wp-block-heading has-text-align-left\"><mark style=\"background-color:rgba(0, 0, 0, 0);color:#331c54\" class=\"has-inline-color\"><mark style=\"background-color:rgba(0, 0, 0, 0);color:#331c54\" class=\"has-inline-color\"><mark style=\"background-color:rgba(0, 0, 0, 0);color:#331c54\" class=\"has-inline-color\"><mark style=\"background-color:rgba(0, 0, 0, 0);color:#331c54\" class=\"has-inline-color\"><mark style=\"background-color:rgba(0, 0, 0, 0);color:#331c54\" class=\"has-inline-color\"><mark style=\"background-color:rgba(0, 0, 0, 0);color:#331c54\" class=\"has-inline-color\"><mark style=\"background-color:rgba(0, 0, 0, 0);color:#331c54\" class=\"has-inline-color\"><mark style=\"background-color:rgba(0, 0, 0, 0);color:#331c54\" class=\"has-inline-color\"><mark style=\"background-color:rgba(0, 0, 0, 0);color:#331c54\" class=\"has-inline-color\"><mark style=\"background-color:rgba(0, 0, 0, 0);color:#331c54\" class=\"has-inline-color\"><mark style=\"background-color:rgba(0, 0, 0, 0);color:#331c54\" class=\"has-inline-color\"><mark style=\"background-color:rgba(0, 0, 0, 0);color:#331c54\" class=\"has-inline-color\"><mark style=\"background-color:rgba(0, 0, 0, 0);color:#331c54\" class=\"has-inline-color\"><mark style=\"background-color:rgba(0, 0, 0, 0);color:#331c54\" class=\"has-inline-color\"><mark style=\"background-color:rgba(0, 0, 0, 0);color:#331c54\" class=\"has-inline-color\"><mark style=\"background-color:rgba(0, 0, 0, 0);color:#331c54\" class=\"has-inline-color\"><mark style=\"background-color:rgba(0, 0, 0, 0);color:#331c54\" class=\"has-inline-color\"><mark style=\"background-color:rgba(0, 0, 0, 0);color:#331c54\" class=\"has-inline-color\"><mark style=\"background-color:rgba(0, 0, 0, 0);color:#331c54\" class=\"has-inline-color\">GIMM, Faculdade de Medicina da Universidade de Lisboa, Unidade Local de Sa\u00fade Santa Maria<\/mark><\/mark><\/mark><\/mark><\/mark><\/mark><\/mark><\/mark><\/mark><\/mark><\/mark><\/mark><\/mark><\/mark><\/mark><\/mark><\/mark><\/mark><\/mark><\/h6>\n\n<\/div>\n<\/div>\n<!-- <\/div> -->\n\n<!-- <div style=\"position: relative;\" id=\"\" > -->\n\n\n\n<div class=\"col-sm-2 text-center\">\n\t<div class=\"acf-innerblocks-container\">\n<div style=\"position: relative;\" id=\"\" >\n\n\t\n\t<div  class=\"card wow fadeInUp\">\n\t\t<a data-bs-toggle=\"modal\" data-bs-target=\"#speaker12\" href=\"javascript:void(0)\" class=\"link\">\n\t\t\t<div class=\"effect-image-1 zoom-effect-1\">\n\t\t\t\t<img decoding=\"async\" class=\"img-fluid\" src=\"https:\/\/fest.gimm.pt\/wp-content\/uploads\/sites\/25\/2026\/07\/Ricardo-Fernandes_Website.png\" alt=\"GIMM\">\n\t\t\t<\/div>\n\t\t<\/a>\n\t\t<div style=\"background-color: #ffffff; color: #331C54 \" class=\"card-body\">\n\t\t\t<a data-bs-toggle=\"modal\" data-bs-target=\"#speaker12\" href=\"javascript:void(0)\" style=\"color: #331C54\" class=\"link\">Ricardo Fernandes<\/a>\n\t\t<\/div>\n\t<\/div>\n<\/div>\n\n\n<h6 class=\"wp-block-heading has-text-align-center\"><mark style=\"background-color:rgba(0, 0, 0, 0);color:#331c54\" class=\"has-inline-color\">GAT &#8211; Grupo de Ativistas em Tramentos<\/mark><\/h6>\n\n<\/div>\n<\/div>\n<!-- <\/div> -->\n\n<!-- <div style=\"position: relative;\" id=\"\" > -->\n\n\n\n<div class=\"col-sm-2 text-center\">\n\t<div class=\"acf-innerblocks-container\">\n<div style=\"position: relative;\" id=\"\" >\n\n\t\n\t<div  class=\"card wow fadeInUp\">\n\t\t<a data-bs-toggle=\"modal\" data-bs-target=\"#speaker13\" href=\"javascript:void(0)\" class=\"link\">\n\t\t\t<div class=\"effect-image-1 zoom-effect-1\">\n\t\t\t\t<img decoding=\"async\" class=\"img-fluid\" src=\"https:\/\/fest.gimm.pt\/wp-content\/uploads\/sites\/25\/2026\/07\/Sara-Sa_Website.png\" alt=\"GIMM\">\n\t\t\t<\/div>\n\t\t<\/a>\n\t\t<div style=\"background-color: #ffffff; color: #331C54 \" class=\"card-body\">\n\t\t\t<a data-bs-toggle=\"modal\" data-bs-target=\"#speaker13\" href=\"javascript:void(0)\" style=\"color: #331C54\" class=\"link\">Sara S\u00e1<\/a>\n\t\t<\/div>\n\t<\/div>\n<\/div>\n\n\n<h6 class=\"wp-block-heading has-text-align-center\"><mark style=\"background-color:rgba(0, 0, 0, 0);color:#331c54\" class=\"has-inline-color\">GIMM<\/mark><\/h6>\n\n<\/div>\n<\/div>\n<!-- <\/div> -->\n<\/div>\n\n\t<\/div>\n<\/div>\n\n\n<div style=\"height:40px\" aria-hidden=\"true\" class=\"wp-block-spacer\"><\/div>\n\n\n<div style=\"position: relative;\" id=\"\" >\n\n\n\t\n\t<div>\n\n\t\t<div class=\"row\">\n<!-- <div style=\"position: relative;\" id=\"\" > -->\n\n\n\n<div class=\"col-sm-2 text-center\">\n\t<div class=\"acf-innerblocks-container\">\n<div style=\"position: relative;\" id=\"\" >\n\n\t\n\t<div  class=\"card wow fadeInUp\">\n\t\t<a data-bs-toggle=\"modal\" data-bs-target=\"#speaker11\" href=\"javascript:void(0)\" class=\"link\">\n\t\t\t<div class=\"effect-image-1 zoom-effect-1\">\n\t\t\t\t<img decoding=\"async\" class=\"img-fluid\" src=\"https:\/\/fest.gimm.pt\/wp-content\/uploads\/sites\/25\/2026\/08\/Paula-Peixe_Website.png\" alt=\"GIMM\">\n\t\t\t<\/div>\n\t\t<\/a>\n\t\t<div style=\"background-color: #ffffff; color: #331C54 \" class=\"card-body\">\n\t\t\t<a data-bs-toggle=\"modal\" data-bs-target=\"#speaker11\" href=\"javascript:void(0)\" style=\"color: #331C54\" class=\"link\">Paula Peixe<\/a>\n\t\t<\/div>\n\t<\/div>\n<\/div>\n\n\n<h6 class=\"wp-block-heading has-text-align-center\"><mark style=\"background-color:rgba(0, 0, 0, 0);color:#331c54\" class=\"has-inline-color\"><mark style=\"background-color:rgba(0, 0, 0, 0);color:#331c54\" class=\"has-inline-color\"><mark style=\"background-color:rgba(0, 0, 0, 0);color:#331c54\" class=\"has-inline-color\"><mark style=\"background-color:rgba(0, 0, 0, 0);color:#331c54\" class=\"has-inline-color\"><mark style=\"background-color:rgba(0, 0, 0, 0);color:#331c54\" class=\"has-inline-color\"><mark style=\"background-color:rgba(0, 0, 0, 0);color:#331c54\" class=\"has-inline-color\">Associa\u00e7\u00e3o Portuguesa para o Estudo do F\u00edgado (APEF)<\/mark><\/mark><\/mark><\/mark><\/mark><\/mark><\/h6>\n\n<\/div>\n<\/div>\n<!-- <\/div> -->\n\n<!-- <div style=\"position: relative;\" id=\"\" > -->\n\n\n\n<div class=\"col-sm-2 text-center\">\n\t<div class=\"acf-innerblocks-container\">\n<div style=\"position: relative;\" id=\"\" >\n\n\t\n\t<div  class=\"card wow fadeInUp\">\n\t\t<a data-bs-toggle=\"modal\" data-bs-target=\"#speaker14\" href=\"javascript:void(0)\" class=\"link\">\n\t\t\t<div class=\"effect-image-1 zoom-effect-1\">\n\t\t\t\t<img decoding=\"async\" class=\"img-fluid\" src=\"https:\/\/fest.gimm.pt\/wp-content\/uploads\/sites\/25\/2026\/05\/Charles-Rice_Site.png\" alt=\"GIMM\">\n\t\t\t<\/div>\n\t\t<\/a>\n\t\t<div style=\"background-color: #ffffff; color: #331C54 \" class=\"card-body\">\n\t\t\t<a data-bs-toggle=\"modal\" data-bs-target=\"#speaker14\" href=\"javascript:void(0)\" style=\"color: #331C54\" class=\"link\">Charles Rice<\/a>\n\t\t<\/div>\n\t<\/div>\n<\/div>\n\n\n<h6 class=\"wp-block-heading has-text-align-center\"><mark style=\"background-color:rgba(0, 0, 0, 0);color:#331c54\" class=\"has-inline-color\"><mark style=\"background-color:rgba(0, 0, 0, 0);color:#331c54\" class=\"has-inline-color\"><mark style=\"background-color:rgba(0, 0, 0, 0);color:#331c54\" class=\"has-inline-color\"><mark style=\"background-color:rgba(0, 0, 0, 0);color:#331c54\" class=\"has-inline-color\"><mark style=\"background-color:rgba(0, 0, 0, 0);color:#331c54\" class=\"has-inline-color\"><mark style=\"background-color:rgba(0, 0, 0, 0);color:#331c54\" class=\"has-inline-color\">Rockefeller University<\/mark><\/mark><\/mark><\/mark><\/mark><\/mark><\/h6>\n\n<\/div>\n<\/div>\n<!-- <\/div> -->\n\n<!-- <div style=\"position: relative;\" id=\"\" > -->\n\n\n\n<div class=\"col-sm-2 text-center\">\n\t<div class=\"acf-innerblocks-container\">\n<div style=\"position: relative;\" id=\"\" >\n\n\t\n\t<div  class=\"card wow fadeInUp\">\n\t\t<a data-bs-toggle=\"modal\" data-bs-target=\"#speaker15\" href=\"javascript:void(0)\" class=\"link\">\n\t\t\t<div class=\"effect-image-1 zoom-effect-1\">\n\t\t\t\t<img decoding=\"async\" class=\"img-fluid\" src=\"https:\/\/fest.gimm.pt\/wp-content\/uploads\/sites\/25\/2026\/08\/Filipe-Gaspar_Website.png\" alt=\"GIMM\">\n\t\t\t<\/div>\n\t\t<\/a>\n\t\t<div style=\"background-color: #ffffff; color: #331C54 \" class=\"card-body\">\n\t\t\t<a data-bs-toggle=\"modal\" data-bs-target=\"#speaker15\" href=\"javascript:void(0)\" style=\"color: #331C54\" class=\"link\">Filipe Gaspar<\/a>\n\t\t<\/div>\n\t<\/div>\n<\/div>\n\n\n<h6 class=\"wp-block-heading has-text-align-center\"><mark style=\"background-color:rgba(0, 0, 0, 0);color:#331c54\" class=\"has-inline-color\"><mark style=\"background-color:rgba(0, 0, 0, 0);color:#331c54\" class=\"has-inline-color\"><mark style=\"background-color:rgba(0, 0, 0, 0);color:#331c54\" class=\"has-inline-color\"><mark style=\"background-color:rgba(0, 0, 0, 0);color:#331c54\" class=\"has-inline-color\"><mark style=\"background-color:rgba(0, 0, 0, 0);color:#331c54\" class=\"has-inline-color\"><mark style=\"background-color:rgba(0, 0, 0, 0);color:#331c54\" class=\"has-inline-color\">Hovione<\/mark><\/mark><\/mark><\/mark><\/mark><\/mark><\/h6>\n\n<\/div>\n<\/div>\n<!-- <\/div> -->\n\n<!-- <div style=\"position: relative;\" id=\"\" > -->\n\n\n\n<div class=\"col-sm-2 text-center\">\n\t<div class=\"acf-innerblocks-container\">\n\n<h6 class=\"wp-block-heading has-text-align-center\"><\/h6>\n\n<\/div>\n<\/div>\n<!-- <\/div> -->\n\n<!-- <div style=\"position: relative;\" id=\"\" > -->\n\n\n\n<div class=\"col-sm-2 text-center\">\n\t<div class=\"acf-innerblocks-container\">\n\n<h6 class=\"wp-block-heading has-text-align-center\"><\/h6>\n\n<\/div>\n<\/div>\n<!-- <\/div> -->\n\n<!-- <div style=\"position: relative;\" id=\"\" > -->\n\n\n\n<div class=\"col-sm-2 text-center\">\n\t<div class=\"acf-innerblocks-container\">\n\n<h6 class=\"wp-block-heading has-text-align-left\"><\/h6>\n\n<\/div>\n<\/div>\n<!-- <\/div> -->\n<\/div>\n\n\t<\/div>\n<\/div>\n\n\n<div style=\"height:40px\" aria-hidden=\"true\" class=\"wp-block-spacer\"><\/div>\n\n<\/div>\n\t\t\t<\/div>\n\t\t<\/section>\n\t<\/div>\n\n<\/div>\n\n<div style=\"position: relative;\" id=\"\" class=\"alignfull\">\n\n\t\n\t\n\t<div style=\"background-color: ;\" class=\"wrapper_section  \">\n\n\t\t<section >\n\t\t\t<div class=\"container\">\n\n\n\t\t\t\t\t\t\t\t<div class=\"acf-innerblocks-container\">\n<div id=\"\" class=\"wp-block-gimm-modal-content\">\n\n\t\n\t\t\t<div class=\"modal fade\"  id=\"speaker1\" data-bs-backdrop=\"static\" data-bs-keyboard=\"false\" tabindex=\"-1\" aria-labelledby=\"staticBackdropLabel\"\n\t\t\taria-hidden=\"true\">\n\n\t\t\t<div class=\"modal-dialog  modal-xl \">\n\t\t\t\t<div class=\"modal-content\">\n\t\t\t\t\t\t\t\t\t\t\t<div class=\"modal-header\">\n\t\t\t\t\t\t\t<h1 class=\"modal-title fs-5\" id=\"staticBackdropLabel\">Speaker<\/h1>\n\t\t\t\t\t\t\t<button type=\"button\" class=\"btn-close\" data-bs-dismiss=\"modal\" aria-label=\"Close\"><\/button>\n\t\t\t\t\t\t<\/div>\n\t\t\t\t\t\n\t\t\t\t\t<div class=\"modal-body\">\n\t\t\t\t\t\t<div class=\"acf-innerblocks-container\">\n<div style=\"position: relative;\" id=\"\" >\n\n\n\t\n\t<div>\n\n\t\t<div class=\"row\">\n<!-- <div style=\"position: relative;\" id=\"\" > -->\n\n\n\n<div class=\"col-sm-4\">\n\t<div class=\"acf-innerblocks-container\">\n\n<figure class=\"wp-block-image size-full\"><img loading=\"lazy\" decoding=\"async\" width=\"600\" height=\"600\" src=\"http:\/\/fest.gimm.pt\/wp-content\/uploads\/sites\/25\/2026\/07\/Alexandre-Silva_Website.png\" alt=\"\" class=\"wp-image-790\" srcset=\"https:\/\/fest.gimm.pt\/wp-content\/uploads\/sites\/25\/2026\/07\/Alexandre-Silva_Website.png 600w, https:\/\/fest.gimm.pt\/wp-content\/uploads\/sites\/25\/2026\/07\/Alexandre-Silva_Website-300x300.png 300w, https:\/\/fest.gimm.pt\/wp-content\/uploads\/sites\/25\/2026\/07\/Alexandre-Silva_Website-150x150.png 150w\" sizes=\"(max-width: 600px) 100vw, 600px\" \/><\/figure>\n\n\n\n<h6 class=\"wp-block-heading has-text-align-center\"><strong>Alexandre Silva<\/strong><\/h6>\n\n<\/div>\n<\/div>\n<!-- <\/div> -->\n\n<!-- <div style=\"position: relative;\" id=\"\" > -->\n\n\n\n<div class=\"col-sm-8\">\n\t<div class=\"acf-innerblocks-container\">\n\n<p><strong>Alexandre Silva<\/strong> \u00e9 um dos chefs mais reconhecidos da gastronomia portuguesa contempor\u00e2nea. Distinguido com uma estrela Michelin pelo restaurante LOCO e fundador do FOGO, \u00e9 natural da Abrigada, Alenquer. Descobriu a paix\u00e3o pela cozinha aos 18 anos e formou-se em Cozinha, Pastelaria e Gest\u00e3o de F&amp;B na Escola de Hotelaria e Turismo de Lisboa, complementando o percurso com estudos em Gastronomia Molecular. Ganhou notoriedade ao vencer o programa Top Chef, da RTP, em 2012, experi\u00eancia que o levou ao restaurante El Celler de Can Roca, em Girona, Espanha, tido como um dos melhores restaurantes do mundo. A sua cozinha cruza criatividade, investiga\u00e7\u00e3o e uma forte liga\u00e7\u00e3o ao produto e ao territ\u00f3rio, afirmando-se como uma das vozes mais inovadoras da restaura\u00e7\u00e3o em Portugal.    <\/p>\n\n<\/div>\n<\/div>\n<!-- <\/div> -->\n<\/div>\n\n\t<\/div>\n<\/div>\n<\/div>\n\t\t\t\t\t<\/div>\n\t\t\t\t\t\t\t\t\t<\/div>\n\t\t\t<\/div>\n\t\t<\/div>\n\t\n<\/div>\n\n<div id=\"\" class=\"wp-block-gimm-modal-content\">\n\n\t\n\t\t\t<div class=\"modal fade\"  id=\"speaker2\" data-bs-backdrop=\"static\" data-bs-keyboard=\"false\" tabindex=\"-1\" aria-labelledby=\"staticBackdropLabel\"\n\t\t\taria-hidden=\"true\">\n\n\t\t\t<div class=\"modal-dialog  modal-xl \">\n\t\t\t\t<div class=\"modal-content\">\n\t\t\t\t\t\t\t\t\t\t\t<div class=\"modal-header\">\n\t\t\t\t\t\t\t<h1 class=\"modal-title fs-5\" id=\"staticBackdropLabel\">Speaker<\/h1>\n\t\t\t\t\t\t\t<button type=\"button\" class=\"btn-close\" data-bs-dismiss=\"modal\" aria-label=\"Close\"><\/button>\n\t\t\t\t\t\t<\/div>\n\t\t\t\t\t\n\t\t\t\t\t<div class=\"modal-body\">\n\t\t\t\t\t\t<div class=\"acf-innerblocks-container\">\n<div style=\"position: relative;\" id=\"\" >\n\n\n\t\n\t<div>\n\n\t\t<div class=\"row\">\n<!-- <div style=\"position: relative;\" id=\"\" > -->\n\n\n\n<div class=\"col-sm-4\">\n\t<div class=\"acf-innerblocks-container\">\n\n<figure class=\"wp-block-image size-full\"><img decoding=\"async\" src=\"http:\/\/fest.gimm.pt\/wp-content\/uploads\/sites\/25\/2026\/08\/Ana-Peneda-Moreira_Site.png\" alt=\"\" class=\"wp-image-950\"\/><\/figure>\n\n\n\n<h6 class=\"wp-block-heading has-text-align-center\"><strong>Ana Peneda Moreira<\/strong><\/h6>\n\n\n\n<h6 class=\"wp-block-heading has-text-align-center\"><strong>SIC<\/strong><\/h6>\n\n<\/div>\n<\/div>\n<!-- <\/div> -->\n\n<!-- <div style=\"position: relative;\" id=\"\" > -->\n\n\n\n<div class=\"col-sm-8\">\n\t<div class=\"acf-innerblocks-container\">\n\n<p><strong>Ana Peneda Moreira<\/strong>&nbsp;\u00e9 reporter e piv\u00f4 da SIC e SIC Not\u00edcias. Come\u00e7ou o jornalismo pela r\u00e1dio, mudando-se depois para a televis\u00e3o onde trabalha h\u00e1 20 anos. Autora da rubrica \u201cIsto \u00e9 sa\u00fade\u201d, gosta de desafios, seja em est\u00fadio ou em reportagem. Recentemente cobriu a guerra na Ucr\u00e2nia onde estava como enviada especial da SIC a 24 de fevereiro de 2022, quando a invas\u00e3o come\u00e7ou. Em 2019 foi tamb\u00e9m a enviada especial da SIC \u00e0 Beira, em Mo\u00e7ambique, para a cobertura do ciclone Idai. Jornalista especializada em Sa\u00fade e Justi\u00e7a, foi autora do podcast \u201cJusti\u00e7a sem c\u00f3digos\u201d, movida por uma comunica\u00e7\u00e3o com prop\u00f3sito.<\/p>\n\n<\/div>\n<\/div>\n<!-- <\/div> -->\n<\/div>\n\n\t<\/div>\n<\/div>\n<\/div>\n\t\t\t\t\t<\/div>\n\t\t\t\t\t\t\t\t\t<\/div>\n\t\t\t<\/div>\n\t\t<\/div>\n\t\n<\/div>\n\n<div id=\"\" class=\"wp-block-gimm-modal-content\">\n\n\t\n\t\t\t<div class=\"modal fade\"  id=\"speaker3\" data-bs-backdrop=\"static\" data-bs-keyboard=\"false\" tabindex=\"-1\" aria-labelledby=\"staticBackdropLabel\"\n\t\t\taria-hidden=\"true\">\n\n\t\t\t<div class=\"modal-dialog  modal-xl \">\n\t\t\t\t<div class=\"modal-content\">\n\t\t\t\t\t\t\t\t\t\t\t<div class=\"modal-header\">\n\t\t\t\t\t\t\t<h1 class=\"modal-title fs-5\" id=\"staticBackdropLabel\">Speaker<\/h1>\n\t\t\t\t\t\t\t<button type=\"button\" class=\"btn-close\" data-bs-dismiss=\"modal\" aria-label=\"Close\"><\/button>\n\t\t\t\t\t\t<\/div>\n\t\t\t\t\t\n\t\t\t\t\t<div class=\"modal-body\">\n\t\t\t\t\t\t<div class=\"acf-innerblocks-container\">\n<div style=\"position: relative;\" id=\"\" >\n\n\n\t\n\t<div>\n\n\t\t<div class=\"row\">\n<!-- <div style=\"position: relative;\" id=\"\" > -->\n\n\n\n<div class=\"col-sm-4\">\n\t<div class=\"acf-innerblocks-container\">\n\n<figure class=\"wp-block-image size-full\"><img loading=\"lazy\" decoding=\"async\" width=\"600\" height=\"600\" src=\"http:\/\/fest.gimm.pt\/wp-content\/uploads\/sites\/25\/2026\/07\/Ana-Santos-Almeida_Website.png\" alt=\"\" class=\"wp-image-792\" srcset=\"https:\/\/fest.gimm.pt\/wp-content\/uploads\/sites\/25\/2026\/07\/Ana-Santos-Almeida_Website.png 600w, https:\/\/fest.gimm.pt\/wp-content\/uploads\/sites\/25\/2026\/07\/Ana-Santos-Almeida_Website-300x300.png 300w, https:\/\/fest.gimm.pt\/wp-content\/uploads\/sites\/25\/2026\/07\/Ana-Santos-Almeida_Website-150x150.png 150w\" sizes=\"(max-width: 600px) 100vw, 600px\" \/><\/figure>\n\n\n\n<h6 class=\"wp-block-heading has-text-align-center\"><strong><strong><strong><strong>Ana Santos Almeida<\/strong><\/strong><\/strong><\/strong><\/h6>\n\n\n\n<h6 class=\"wp-block-heading has-text-align-center\"><strong><strong><strong><strong><strong>GIMM CARE, Faculdade de Medicina da Universidade de Lisboa<\/strong><\/strong><\/strong><\/strong><\/strong><\/h6>\n\n<\/div>\n<\/div>\n<!-- <\/div> -->\n\n<!-- <div style=\"position: relative;\" id=\"\" > -->\n\n\n\n<div class=\"col-sm-8\">\n\t<div class=\"acf-innerblocks-container\">\n\n<p><strong>Ana Santos Almeida<\/strong> \u00e9 Investigadora Principal no GIMM CARE e Professora Auxiliar Convidada na Faculdade de Medicina da Universidade de Lisboa. \u00c9 especialista em microbiologia e imunologia, desenvolvendo investiga\u00e7\u00e3o sobre a forma como os microbiomas intestinal e tumoral influenciam a sa\u00fade humana, a inflama\u00e7\u00e3o e o cancro. Obteve o doutoramento na Sorbonne University em 2012 e fez forma\u00e7\u00e3o p\u00f3s-doutoral no Cold Spring Harbor Laboratory e no APC Microbiome Ireland. No GIMM CARE, lidera investiga\u00e7\u00e3o translacional que combina ci\u00eancia do microbioma, imunologia e intelig\u00eancia artificial para desenvolver diagn\u00f3sticos e terapias de precis\u00e3o, particularmente nas \u00e1reas do cancro colorretal e da sa\u00fade da mulher.<\/p>\n\n<\/div>\n<\/div>\n<!-- <\/div> -->\n<\/div>\n\n\t<\/div>\n<\/div>\n<\/div>\n\t\t\t\t\t<\/div>\n\t\t\t\t\t\t\t\t\t<\/div>\n\t\t\t<\/div>\n\t\t<\/div>\n\t\n<\/div>\n\n<div id=\"\" class=\"wp-block-gimm-modal-content\">\n\n\t\n\t\t\t<div class=\"modal fade\"  id=\"speaker4\" data-bs-backdrop=\"static\" data-bs-keyboard=\"false\" tabindex=\"-1\" aria-labelledby=\"staticBackdropLabel\"\n\t\t\taria-hidden=\"true\">\n\n\t\t\t<div class=\"modal-dialog  modal-xl \">\n\t\t\t\t<div class=\"modal-content\">\n\t\t\t\t\t\t\t\t\t\t\t<div class=\"modal-header\">\n\t\t\t\t\t\t\t<h1 class=\"modal-title fs-5\" id=\"staticBackdropLabel\">Speaker<\/h1>\n\t\t\t\t\t\t\t<button type=\"button\" class=\"btn-close\" data-bs-dismiss=\"modal\" aria-label=\"Close\"><\/button>\n\t\t\t\t\t\t<\/div>\n\t\t\t\t\t\n\t\t\t\t\t<div class=\"modal-body\">\n\t\t\t\t\t\t<div class=\"acf-innerblocks-container\">\n<div style=\"position: relative;\" id=\"\" >\n\n\n\t\n\t<div>\n\n\t\t<div class=\"row\">\n<!-- <div style=\"position: relative;\" id=\"\" > -->\n\n\n\n<div class=\"col-sm-4\">\n\t<div class=\"acf-innerblocks-container\">\n\n<figure class=\"wp-block-image size-full\"><img loading=\"lazy\" decoding=\"async\" width=\"600\" height=\"600\" src=\"http:\/\/fest.gimm.pt\/wp-content\/uploads\/sites\/25\/2026\/08\/Carlos-Moedas_Website.png\" alt=\"\" class=\"wp-image-1028\" srcset=\"https:\/\/fest.gimm.pt\/wp-content\/uploads\/sites\/25\/2026\/08\/Carlos-Moedas_Website.png 600w, https:\/\/fest.gimm.pt\/wp-content\/uploads\/sites\/25\/2026\/08\/Carlos-Moedas_Website-300x300.png 300w, https:\/\/fest.gimm.pt\/wp-content\/uploads\/sites\/25\/2026\/08\/Carlos-Moedas_Website-150x150.png 150w\" sizes=\"(max-width: 600px) 100vw, 600px\" \/><\/figure>\n\n\n\n<h6 class=\"wp-block-heading has-text-align-center\"><strong>Carlos Moedas<\/strong><\/h6>\n\n\n\n<h6 class=\"wp-block-heading has-text-align-center\"><strong><mark style=\"background-color:rgba(0, 0, 0, 0);color:#331c54\" class=\"has-inline-color\"><mark style=\"background-color:rgba(0, 0, 0, 0);color:#331c54\" class=\"has-inline-color\"><mark style=\"background-color:rgba(0, 0, 0, 0);color:#331c54\" class=\"has-inline-color\">Presidente da C\u00e2mara Municipal de Lisboa<\/mark><\/mark><\/mark><\/strong><\/h6>\n\n<\/div>\n<\/div>\n<!-- <\/div> -->\n\n<!-- <div style=\"position: relative;\" id=\"\" > -->\n\n\n\n<div class=\"col-sm-8\">\n\t<div class=\"acf-innerblocks-container\">\n\n<p><strong>Carlos Moedas<\/strong>&nbsp;\u00e9 Presidente da C\u00e2mara Municipal de Lisboa e membro do Conselho de Estado. Engenheiro de forma\u00e7\u00e3o, \u00e9 licenciado em Engenharia Civil pelo Instituto Superior T\u00e9cnico e possui um MBA pela Universidade de Harvard. Iniciou a sua carreira no setor privado antes de entrar na pol\u00edtica, em 2011, quando foi eleito deputado pelo c\u00edrculo de Beja e nomeado Secret\u00e1rio de Estado Adjunto do Primeiro-Ministro. <br><br>Entre 2014 e 2019, foi Comiss\u00e1rio Europeu para a Investiga\u00e7\u00e3o, Ci\u00eancia e Inova\u00e7\u00e3o, onde geriu o Horizonte 2020, o programa europeu de investiga\u00e7\u00e3o e inova\u00e7\u00e3o com um or\u00e7amento de 80 mil milh\u00f5es de euros, e foi o arquiteto do atual programa Horizonte Europa. <br><br>Recebeu v\u00e1rias distin\u00e7\u00f5es, incluindo doutoramentos&nbsp;<em>honoris causa<\/em>&nbsp;de universidades europeias, a Gr\u00e3-Cruz da Ordem do Infante D. Henrique, atribu\u00edda pelo Presidente da Rep\u00fablica, e a&nbsp;<em>L\u00e9gion d\u2019honneur<\/em>&nbsp;francesa.<\/p>\n\n<\/div>\n<\/div>\n<!-- <\/div> -->\n<\/div>\n\n\t<\/div>\n<\/div>\n<\/div>\n\t\t\t\t\t<\/div>\n\t\t\t\t\t\t\t\t\t<\/div>\n\t\t\t<\/div>\n\t\t<\/div>\n\t\n<\/div>\n\n<div id=\"\" class=\"wp-block-gimm-modal-content\">\n\n\t\n\t\t\t<div class=\"modal fade\"  id=\"speaker5\" data-bs-backdrop=\"static\" data-bs-keyboard=\"false\" tabindex=\"-1\" aria-labelledby=\"staticBackdropLabel\"\n\t\t\taria-hidden=\"true\">\n\n\t\t\t<div class=\"modal-dialog  modal-xl \">\n\t\t\t\t<div class=\"modal-content\">\n\t\t\t\t\t\t\t\t\t\t\t<div class=\"modal-header\">\n\t\t\t\t\t\t\t<h1 class=\"modal-title fs-5\" id=\"staticBackdropLabel\">Speaker<\/h1>\n\t\t\t\t\t\t\t<button type=\"button\" class=\"btn-close\" data-bs-dismiss=\"modal\" aria-label=\"Close\"><\/button>\n\t\t\t\t\t\t<\/div>\n\t\t\t\t\t\n\t\t\t\t\t<div class=\"modal-body\">\n\t\t\t\t\t\t<div class=\"acf-innerblocks-container\">\n<div style=\"position: relative;\" id=\"\" >\n\n\n\t\n\t<div>\n\n\t\t<div class=\"row\">\n<!-- <div style=\"position: relative;\" id=\"\" > -->\n\n\n\n<div class=\"col-sm-4\">\n\t<div class=\"acf-innerblocks-container\">\n\n<figure class=\"wp-block-image size-full\"><img loading=\"lazy\" decoding=\"async\" width=\"600\" height=\"600\" src=\"http:\/\/fest.gimm.pt\/wp-content\/uploads\/sites\/25\/2026\/07\/Cristovao-Sousa_Website.png\" alt=\"\" class=\"wp-image-793\" srcset=\"https:\/\/fest.gimm.pt\/wp-content\/uploads\/sites\/25\/2026\/07\/Cristovao-Sousa_Website.png 600w, https:\/\/fest.gimm.pt\/wp-content\/uploads\/sites\/25\/2026\/07\/Cristovao-Sousa_Website-300x300.png 300w, https:\/\/fest.gimm.pt\/wp-content\/uploads\/sites\/25\/2026\/07\/Cristovao-Sousa_Website-150x150.png 150w\" sizes=\"(max-width: 600px) 100vw, 600px\" \/><\/figure>\n\n\n\n<h6 class=\"wp-block-heading has-text-align-center\"><strong><strong><strong><strong><strong><strong><strong>Crist\u00f3v\u00e3o Sousa<\/strong><\/strong><\/strong><\/strong><\/strong><\/strong><\/strong><\/h6>\n\n\n\n<h6 class=\"wp-block-heading has-text-align-center\"><strong><strong><strong><strong><strong><strong><strong><strong>GIMM CARE<\/strong><\/strong><\/strong><\/strong><\/strong><\/strong><\/strong><\/strong><\/h6>\n\n<\/div>\n<\/div>\n<!-- <\/div> -->\n\n<!-- <div style=\"position: relative;\" id=\"\" > -->\n\n\n\n<div class=\"col-sm-8\">\n\t<div class=\"acf-innerblocks-container\">\n\n<p><strong>Crist\u00f3v\u00e3o Sousa<\/strong> \u00e9 Head of R&amp;D do GIMM CARE, onde lidera iniciativas de investiga\u00e7\u00e3o translacional e inova\u00e7\u00e3o terap\u00eautica. O seu trabalho re\u00fane descoberta cient\u00edfica, desenvolvimento de f\u00e1rmacos e colabora\u00e7\u00f5es estrat\u00e9gicas para acelerar a transforma\u00e7\u00e3o de resultados de investiga\u00e7\u00e3o em aplica\u00e7\u00f5es cl\u00ednicas. \u00c9 doutorado em Biologia do Cancro e realizou a sua forma\u00e7\u00e3o no Institut Curie e no Dana-Farber Cancer Institute\/Harvard Medical School, antes de desenvolver uma carreira que passou pela academia e pela ind\u00fastria biofarmac\u00eautica, incluindo a Servier e a Agios Pharmaceuticals. Os seus interesses incluem oncologia translacional, descoberta de novas terap\u00eauticas e a cria\u00e7\u00e3o das condi\u00e7\u00f5es que permitem transformar avan\u00e7os cient\u00edficos em benef\u00edcios reais para os doentes.<\/p>\n\n<\/div>\n<\/div>\n<!-- <\/div> -->\n<\/div>\n\n\t<\/div>\n<\/div>\n<\/div>\n\t\t\t\t\t<\/div>\n\t\t\t\t\t\t\t\t\t<\/div>\n\t\t\t<\/div>\n\t\t<\/div>\n\t\n<\/div>\n\n<div id=\"\" class=\"wp-block-gimm-modal-content\">\n\n\t\n\t\t\t<div class=\"modal fade\"  id=\"speaker6\" data-bs-backdrop=\"static\" data-bs-keyboard=\"false\" tabindex=\"-1\" aria-labelledby=\"staticBackdropLabel\"\n\t\t\taria-hidden=\"true\">\n\n\t\t\t<div class=\"modal-dialog  modal-xl \">\n\t\t\t\t<div class=\"modal-content\">\n\t\t\t\t\t\t\t\t\t\t\t<div class=\"modal-header\">\n\t\t\t\t\t\t\t<h1 class=\"modal-title fs-5\" id=\"staticBackdropLabel\">Speaker<\/h1>\n\t\t\t\t\t\t\t<button type=\"button\" class=\"btn-close\" data-bs-dismiss=\"modal\" aria-label=\"Close\"><\/button>\n\t\t\t\t\t\t<\/div>\n\t\t\t\t\t\n\t\t\t\t\t<div class=\"modal-body\">\n\t\t\t\t\t\t<div class=\"acf-innerblocks-container\">\n<div style=\"position: relative;\" id=\"\" >\n\n\n\t\n\t<div>\n\n\t\t<div class=\"row\">\n<!-- <div style=\"position: relative;\" id=\"\" > -->\n\n\n\n<div class=\"col-sm-4\">\n\t<div class=\"acf-innerblocks-container\">\n\n<figure class=\"wp-block-image size-full\"><img loading=\"lazy\" decoding=\"async\" width=\"600\" height=\"600\" src=\"http:\/\/fest.gimm.pt\/wp-content\/uploads\/sites\/25\/2026\/08\/Ines-Domingues_Site.png\" alt=\"\" class=\"wp-image-966\" srcset=\"https:\/\/fest.gimm.pt\/wp-content\/uploads\/sites\/25\/2026\/08\/Ines-Domingues_Site.png 600w, https:\/\/fest.gimm.pt\/wp-content\/uploads\/sites\/25\/2026\/08\/Ines-Domingues_Site-300x300.png 300w, https:\/\/fest.gimm.pt\/wp-content\/uploads\/sites\/25\/2026\/08\/Ines-Domingues_Site-150x150.png 150w\" sizes=\"(max-width: 600px) 100vw, 600px\" \/><\/figure>\n\n\n\n<h6 class=\"wp-block-heading has-text-align-center\"><strong><strong><strong><strong><strong><strong><strong>In\u00eas Domingues<\/strong><\/strong><\/strong><\/strong><\/strong><\/strong><\/strong><\/h6>\n\n\n\n<h6 class=\"wp-block-heading has-text-align-center\"><strong><strong><strong><strong><strong><strong><strong><strong>GIMM<\/strong><\/strong><\/strong><\/strong><\/strong><\/strong><\/strong><\/strong><\/h6>\n\n<\/div>\n<\/div>\n<!-- <\/div> -->\n\n<!-- <div style=\"position: relative;\" id=\"\" > -->\n\n\n\n<div class=\"col-sm-8\">\n\t<div class=\"acf-innerblocks-container\">\n\n<p><strong>In\u00eas Domingues<\/strong>, PhD, \u00e9 Chief of Staff da CEO do Gulbenkian Institute for Molecular Medicine (GIMM), onde apoia a lideran\u00e7a executiva no desenvolvimento de prioridades estrat\u00e9gicas, no refor\u00e7o do alinhamento institucional e na concretiza\u00e7\u00e3o da vis\u00e3o em a\u00e7\u00e3o transversal \u00e0 organiza\u00e7\u00e3o. O seu trabalho situa-se na interse\u00e7\u00e3o entre lideran\u00e7a, ci\u00eancia e estrat\u00e9gia institucional, com particular enfoque na coordena\u00e7\u00e3o, comunica\u00e7\u00e3o e envolvimento com stakeholders. \u00c9 licenciada em Biologia e doutorada em Biologia Celular pela Universidade de Lisboa. Com mais de uma d\u00e9cada de experi\u00eancia em comunica\u00e7\u00e3o cient\u00edfica, envolvimento p\u00fablico e posicionamento institucional, construiu uma carreira dedicada a aproximar a investiga\u00e7\u00e3o de ponta da sociedade e a garantir que o conhecimento cient\u00edfico complexo \u00e9 comunicado de forma clara, acess\u00edvel e significativa. Antes de assumir as suas fun\u00e7\u00f5es atuais, exerceu o cargo de Diretora de Comunica\u00e7\u00e3o no Instituto de Medicina Molecular Jo\u00e3o Lobo Antunes (iMM), onde liderou o programa de comunica\u00e7\u00e3o institucional e de envolvimento p\u00fablico do instituto. Anteriormente, trabalhou no Instituto Gulbenkian de Ci\u00eancia, desenvolvendo iniciativas de comunica\u00e7\u00e3o e divulga\u00e7\u00e3o que refor\u00e7aram a visibilidade institucional e alargaram o envolvimento do p\u00fablico com a ci\u00eancia.<\/p>\n\n<\/div>\n<\/div>\n<!-- <\/div> -->\n<\/div>\n\n\t<\/div>\n<\/div>\n<\/div>\n\t\t\t\t\t<\/div>\n\t\t\t\t\t\t\t\t\t<\/div>\n\t\t\t<\/div>\n\t\t<\/div>\n\t\n<\/div>\n\n<div id=\"\" class=\"wp-block-gimm-modal-content\">\n\n\t\n\t\t\t<div class=\"modal fade\"  id=\"speaker7\" data-bs-backdrop=\"static\" data-bs-keyboard=\"false\" tabindex=\"-1\" aria-labelledby=\"staticBackdropLabel\"\n\t\t\taria-hidden=\"true\">\n\n\t\t\t<div class=\"modal-dialog  modal-xl \">\n\t\t\t\t<div class=\"modal-content\">\n\t\t\t\t\t\t\t\t\t\t\t<div class=\"modal-header\">\n\t\t\t\t\t\t\t<h1 class=\"modal-title fs-5\" id=\"staticBackdropLabel\">Speaker<\/h1>\n\t\t\t\t\t\t\t<button type=\"button\" class=\"btn-close\" data-bs-dismiss=\"modal\" aria-label=\"Close\"><\/button>\n\t\t\t\t\t\t<\/div>\n\t\t\t\t\t\n\t\t\t\t\t<div class=\"modal-body\">\n\t\t\t\t\t\t<div class=\"acf-innerblocks-container\">\n<div style=\"position: relative;\" id=\"\" >\n\n\n\t\n\t<div>\n\n\t\t<div class=\"row\">\n<!-- <div style=\"position: relative;\" id=\"\" > -->\n\n\n\n<div class=\"col-sm-4\">\n\t<div class=\"acf-innerblocks-container\">\n\n<figure class=\"wp-block-image size-full\"><img loading=\"lazy\" decoding=\"async\" width=\"600\" height=\"600\" src=\"http:\/\/fest.gimm.pt\/wp-content\/uploads\/sites\/25\/2026\/02\/Isabel-Gordo_Site.png\" alt=\"\" class=\"wp-image-101\" srcset=\"https:\/\/fest.gimm.pt\/wp-content\/uploads\/sites\/25\/2026\/02\/Isabel-Gordo_Site.png 600w, https:\/\/fest.gimm.pt\/wp-content\/uploads\/sites\/25\/2026\/02\/Isabel-Gordo_Site-300x300.png 300w, https:\/\/fest.gimm.pt\/wp-content\/uploads\/sites\/25\/2026\/02\/Isabel-Gordo_Site-150x150.png 150w\" sizes=\"(max-width: 600px) 100vw, 600px\" \/><\/figure>\n\n\n\n<h6 class=\"wp-block-heading has-text-align-center\"><strong><strong><strong><strong><strong><strong><strong>Isabel Gordo<\/strong><\/strong><\/strong><\/strong><\/strong><\/strong><\/strong><\/h6>\n\n\n\n<h6 class=\"wp-block-heading has-text-align-center\"><strong><strong><strong><strong><strong><strong><strong><strong>GIMM<\/strong><\/strong><\/strong><\/strong><\/strong><\/strong><\/strong><\/strong><\/h6>\n\n<\/div>\n<\/div>\n<!-- <\/div> -->\n\n<!-- <div style=\"position: relative;\" id=\"\" > -->\n\n\n\n<div class=\"col-sm-8\">\n\t<div class=\"acf-innerblocks-container\">\n\n<p><strong>Isabel Gordo<\/strong> \u00e9 Group Leader no GIMM e estuda evolu\u00e7\u00e3o bacteriana no contexto do microbioma intestinal. Formada em F\u00edsica, doutorou-se em Gen\u00e9tica Evolutiva na Universidade de Edimburgo em 2002 e realizou p\u00f3s-doutoramento no Instituto Gulbenkian de Ci\u00eancia, tornando-se investigadora principal em 2004. Dedica-se a olhar para a forma como as bact\u00e9rias se adaptam a ambientes de stress, como antibi\u00f3ticos e press\u00f5es imunit\u00e1rias. Det\u00e9m atualmente uma ERC Advanced Grant para estudar evolu\u00e7\u00e3o intrahospedeiro. O seu laborat\u00f3rio combina abordagens te\u00f3ricas e experimentais com E. coli e modelos murinos. Fundou a Sociedade Portuguesa de Biologia Evolutiva e \u00e9 membro eleita da EMBO e da European Academy of Microbiology.    <\/p>\n\n<\/div>\n<\/div>\n<!-- <\/div> -->\n<\/div>\n\n\t<\/div>\n<\/div>\n<\/div>\n\t\t\t\t\t<\/div>\n\t\t\t\t\t\t\t\t\t<\/div>\n\t\t\t<\/div>\n\t\t<\/div>\n\t\n<\/div>\n\n<div id=\"\" class=\"wp-block-gimm-modal-content\">\n\n\t\n\t\t\t<div class=\"modal fade\"  id=\"speaker8\" data-bs-backdrop=\"static\" data-bs-keyboard=\"false\" tabindex=\"-1\" aria-labelledby=\"staticBackdropLabel\"\n\t\t\taria-hidden=\"true\">\n\n\t\t\t<div class=\"modal-dialog  modal-xl \">\n\t\t\t\t<div class=\"modal-content\">\n\t\t\t\t\t\t\t\t\t\t\t<div class=\"modal-header\">\n\t\t\t\t\t\t\t<h1 class=\"modal-title fs-5\" id=\"staticBackdropLabel\">Speaker<\/h1>\n\t\t\t\t\t\t\t<button type=\"button\" class=\"btn-close\" data-bs-dismiss=\"modal\" aria-label=\"Close\"><\/button>\n\t\t\t\t\t\t<\/div>\n\t\t\t\t\t\n\t\t\t\t\t<div class=\"modal-body\">\n\t\t\t\t\t\t<div class=\"acf-innerblocks-container\">\n<div style=\"position: relative;\" id=\"\" >\n\n\n\t\n\t<div>\n\n\t\t<div class=\"row\">\n<!-- <div style=\"position: relative;\" id=\"\" > -->\n\n\n\n<div class=\"col-sm-4\">\n\t<div class=\"acf-innerblocks-container\">\n\n<figure class=\"wp-block-image size-full\"><img loading=\"lazy\" decoding=\"async\" width=\"600\" height=\"600\" src=\"http:\/\/fest.gimm.pt\/wp-content\/uploads\/sites\/25\/2026\/08\/Margarida-Santos_Website.png\" alt=\"\" class=\"wp-image-1039\" srcset=\"https:\/\/fest.gimm.pt\/wp-content\/uploads\/sites\/25\/2026\/08\/Margarida-Santos_Website.png 600w, https:\/\/fest.gimm.pt\/wp-content\/uploads\/sites\/25\/2026\/08\/Margarida-Santos_Website-300x300.png 300w, https:\/\/fest.gimm.pt\/wp-content\/uploads\/sites\/25\/2026\/08\/Margarida-Santos_Website-150x150.png 150w\" sizes=\"(max-width: 600px) 100vw, 600px\" \/><\/figure>\n\n\n\n<h6 class=\"wp-block-heading has-text-align-center\"><strong><strong><strong><strong><strong><strong><strong>Margarida Santos<\/strong><\/strong><\/strong><\/strong><\/strong><\/strong><\/strong><\/h6>\n\n\n\n<h6 class=\"wp-block-heading has-text-align-center\"><strong>SIC<\/strong><\/h6>\n\n<\/div>\n<\/div>\n<!-- <\/div> -->\n\n<!-- <div style=\"position: relative;\" id=\"\" > -->\n\n\n\n<div class=\"col-sm-8\">\n\t<div class=\"acf-innerblocks-container\">\n\n<p><strong>Margarida da Gra\u00e7a Santos<\/strong>&nbsp;\u00e9 m\u00e9dica especialista em Medicina Geral e Familiar na ULS Lisboa Ocidental. Licenciou-se em Medicina pela NOVA Medical School, tendo realizado parte da sua forma\u00e7\u00e3o na Universit\u00e9 de la Sorbonne, em Paris, ao abrigo do programa Erasmus. Frequentou ainda p\u00f3s-gradua\u00e7\u00f5es em Nutri\u00e7\u00e3o Cl\u00ednica, Medicina do Viajante e Aleitamento Materno. Paralelamente \u00e0 pr\u00e1tica cl\u00ednica, dedica-se \u00e0 comunica\u00e7\u00e3o e literacia em sa\u00fade, com particular interesse pelas \u00e1reas da obesidade, sa\u00fade mental e comportamentos de risco. Desenvolve projetos de literacia em sa\u00fade e comunica sobre temas de sa\u00fade atrav\u00e9s de diferentes plataformas digitais e de comunica\u00e7\u00e3o social. \u00c9 autora e apresentadora do podcast&nbsp;<em>Consulta Aberta<\/em>, da SIC Not\u00edcias, coautora do podcast&nbsp;<em>Na Sa\u00fade e Na Doen\u00e7a<\/em>&nbsp;e apresentadora e autora do podcast&nbsp;<em>Health Reality Check<\/em>, da OMS Europa.<\/p>\n\n<\/div>\n<\/div>\n<!-- <\/div> -->\n<\/div>\n\n\t<\/div>\n<\/div>\n<\/div>\n\t\t\t\t\t<\/div>\n\t\t\t\t\t\t\t\t\t<\/div>\n\t\t\t<\/div>\n\t\t<\/div>\n\t\n<\/div>\n\n<div id=\"\" class=\"wp-block-gimm-modal-content\">\n\n\t\n\t\t\t<div class=\"modal fade\"  id=\"speaker9\" data-bs-backdrop=\"static\" data-bs-keyboard=\"false\" tabindex=\"-1\" aria-labelledby=\"staticBackdropLabel\"\n\t\t\taria-hidden=\"true\">\n\n\t\t\t<div class=\"modal-dialog  modal-xl \">\n\t\t\t\t<div class=\"modal-content\">\n\t\t\t\t\t\t\t\t\t\t\t<div class=\"modal-header\">\n\t\t\t\t\t\t\t<h1 class=\"modal-title fs-5\" id=\"staticBackdropLabel\">Speaker<\/h1>\n\t\t\t\t\t\t\t<button type=\"button\" class=\"btn-close\" data-bs-dismiss=\"modal\" aria-label=\"Close\"><\/button>\n\t\t\t\t\t\t<\/div>\n\t\t\t\t\t\n\t\t\t\t\t<div class=\"modal-body\">\n\t\t\t\t\t\t<div class=\"acf-innerblocks-container\">\n<div style=\"position: relative;\" id=\"\" >\n\n\n\t\n\t<div>\n\n\t\t<div class=\"row\">\n<!-- <div style=\"position: relative;\" id=\"\" > -->\n\n\n\n<div class=\"col-sm-4\">\n\t<div class=\"acf-innerblocks-container\">\n\n<figure class=\"wp-block-image size-full\"><img decoding=\"async\" src=\"https:\/\/maquetes.yomocprojects.com\/gimmfestsite\/wp-content\/uploads\/2026\/02\/Maria-Mota_Site.png\" alt=\"\" class=\"wp-image-256\" style=\"object-fit:cover\"\/><\/figure>\n\n\n\n<h6 class=\"wp-block-heading has-text-align-center\"><strong><strong>Maria Mota<\/strong><\/strong><\/h6>\n\n\n\n<h6 class=\"wp-block-heading has-text-align-center\"><strong>GIMM, Faculdade de Medicina da Universidade de Lisboa<\/strong><\/h6>\n\n<\/div>\n<\/div>\n<!-- <\/div> -->\n\n<!-- <div style=\"position: relative;\" id=\"\" > -->\n\n\n\n<div class=\"col-sm-8\">\n\t<div class=\"acf-innerblocks-container\">\n\n<p><strong>Maria M. Mota<\/strong> \u00e9 bi\u00f3loga e investigadora de refer\u00eancia em mal\u00e1ria, atualmente Diretora Executiva do GIMM. Licenciou-se em Biologia e fez mestrado em Imunologia na Universidade do Porto, doutorando-se em Parasitologia Molecular na University College London. Ap\u00f3s p\u00f3s-doutoramento com Vitor Nussenzweig na NYU, regressou a Portugal para liderar a investiga\u00e7\u00e3o em mal\u00e1ria no Instituto Gulbenkian de Ci\u00eancia e mais tarde tornou-se investigadora principal e diretora executiva do iMM. O seu trabalho de investiga\u00e7\u00e3o foca-se nas fases hep\u00e1ticas e sangu\u00edneas da infe\u00e7\u00e3o por Plasmodium. Membro da EMBO e antiga investigadora internacional do HHMI, recebeu distin\u00e7\u00f5es como o Pr\u00e9mio Pessoa e condecora\u00e7\u00f5es nacionais por m\u00e9rito cient\u00edfico. \u00c9 tamb\u00e9m defensora da igualdade de g\u00e9nero e do envolvimento p\u00fablico com a ci\u00eancia.     <\/p>\n\n<\/div>\n<\/div>\n<!-- <\/div> -->\n<\/div>\n\n\t<\/div>\n<\/div>\n<\/div>\n\t\t\t\t\t<\/div>\n\t\t\t\t\t\t\t\t\t<\/div>\n\t\t\t<\/div>\n\t\t<\/div>\n\t\n<\/div>\n\n<div id=\"\" class=\"wp-block-gimm-modal-content\">\n\n\t\n\t\t\t<div class=\"modal fade\"  id=\"speaker10\" data-bs-backdrop=\"static\" data-bs-keyboard=\"false\" tabindex=\"-1\" aria-labelledby=\"staticBackdropLabel\"\n\t\t\taria-hidden=\"true\">\n\n\t\t\t<div class=\"modal-dialog  modal-xl \">\n\t\t\t\t<div class=\"modal-content\">\n\t\t\t\t\t\t\t\t\t\t\t<div class=\"modal-header\">\n\t\t\t\t\t\t\t<h1 class=\"modal-title fs-5\" id=\"staticBackdropLabel\">Speaker<\/h1>\n\t\t\t\t\t\t\t<button type=\"button\" class=\"btn-close\" data-bs-dismiss=\"modal\" aria-label=\"Close\"><\/button>\n\t\t\t\t\t\t<\/div>\n\t\t\t\t\t\n\t\t\t\t\t<div class=\"modal-body\">\n\t\t\t\t\t\t<div class=\"acf-innerblocks-container\">\n<div style=\"position: relative;\" id=\"\" >\n\n\n\t\n\t<div>\n\n\t\t<div class=\"row\">\n<!-- <div style=\"position: relative;\" id=\"\" > -->\n\n\n\n<div class=\"col-sm-4\">\n\t<div class=\"acf-innerblocks-container\">\n\n<figure class=\"wp-block-image size-full\"><img loading=\"lazy\" decoding=\"async\" width=\"600\" height=\"600\" src=\"http:\/\/fest.gimm.pt\/wp-content\/uploads\/sites\/25\/2026\/07\/Patricia-Costa-Reis_Website.png\" alt=\"\" class=\"wp-image-795\" srcset=\"https:\/\/fest.gimm.pt\/wp-content\/uploads\/sites\/25\/2026\/07\/Patricia-Costa-Reis_Website.png 600w, https:\/\/fest.gimm.pt\/wp-content\/uploads\/sites\/25\/2026\/07\/Patricia-Costa-Reis_Website-300x300.png 300w, https:\/\/fest.gimm.pt\/wp-content\/uploads\/sites\/25\/2026\/07\/Patricia-Costa-Reis_Website-150x150.png 150w\" sizes=\"(max-width: 600px) 100vw, 600px\" \/><\/figure>\n\n\n\n<h6 class=\"wp-block-heading has-text-align-center\"><strong><strong><strong><strong><strong><strong><strong>Patr\u00edcia Costa Reis<\/strong><\/strong><\/strong><\/strong><\/strong><\/strong><\/strong><\/h6>\n\n\n\n<h6 class=\"wp-block-heading has-text-align-center\"><strong><strong><strong><strong><strong><strong><strong><strong>GIMM, Faculdade de Medicina da Universidade de Lisboa, Unidade Local de Sa\u00fade Santa Maria<\/strong><\/strong><\/strong><\/strong><\/strong><\/strong><\/strong><\/strong><\/h6>\n\n<\/div>\n<\/div>\n<!-- <\/div> -->\n\n<!-- <div style=\"position: relative;\" id=\"\" > -->\n\n\n\n<div class=\"col-sm-8\">\n\t<div class=\"acf-innerblocks-container\">\n\n<p><strong>Patr\u00edcia Costa Reis<\/strong> \u00e9 m\u00e9dica-investigadora no Hospital de Santa Maria e no GIMM, onde desenvolve investiga\u00e7\u00e3o que aproxima a pr\u00e1tica cl\u00ednica da ci\u00eancia fundamental para melhorar o diagn\u00f3stico e o tratamento de crian\u00e7as com doen\u00e7as imunomediadas complexas. \u00c9 pediatra, especialista em reumatologia pedi\u00e1trica e nefrologia pedi\u00e1trica, e professora auxiliar na Faculdade de Medicina da Universidade de Lisboa. \u00c9 codiretora da Biobanco do GIMM e do n\u00f3 portugu\u00eas da BBMRI. Realizou forma\u00e7\u00e3o na Columbia University, no Great Ormond Street Hospital, em Londres, e no Children&#8217;s Hospital of Philadelphia, onde desenvolveu o doutoramento sobre nefrite l\u00fapica. Distinguida com financiamentos da FCT, HORIZON e Funda\u00e7\u00e3o D. Manuel de Mello, entre outros, recebeu o pr\u00e9mio L&#8217;Or\u00e9al Medals of Honor for Women in Science. \u00c9 tamb\u00e9m uma reconhecida divulgadora de ci\u00eancia e mentora de jovens m\u00e9dicos e investigadores.<\/p>\n\n<\/div>\n<\/div>\n<!-- <\/div> -->\n<\/div>\n\n\t<\/div>\n<\/div>\n<\/div>\n\t\t\t\t\t<\/div>\n\t\t\t\t\t\t\t\t\t<\/div>\n\t\t\t<\/div>\n\t\t<\/div>\n\t\n<\/div>\n\n<div id=\"\" class=\"wp-block-gimm-modal-content\">\n\n\t\n\t\t\t<div class=\"modal fade\"  id=\"speaker11\" data-bs-backdrop=\"static\" data-bs-keyboard=\"false\" tabindex=\"-1\" aria-labelledby=\"staticBackdropLabel\"\n\t\t\taria-hidden=\"true\">\n\n\t\t\t<div class=\"modal-dialog  modal-xl \">\n\t\t\t\t<div class=\"modal-content\">\n\t\t\t\t\t\t\t\t\t\t\t<div class=\"modal-header\">\n\t\t\t\t\t\t\t<h1 class=\"modal-title fs-5\" id=\"staticBackdropLabel\">Speaker<\/h1>\n\t\t\t\t\t\t\t<button type=\"button\" class=\"btn-close\" data-bs-dismiss=\"modal\" aria-label=\"Close\"><\/button>\n\t\t\t\t\t\t<\/div>\n\t\t\t\t\t\n\t\t\t\t\t<div class=\"modal-body\">\n\t\t\t\t\t\t<div class=\"acf-innerblocks-container\">\n<div style=\"position: relative;\" id=\"\" >\n\n\n\t\n\t<div>\n\n\t\t<div class=\"row\">\n<!-- <div style=\"position: relative;\" id=\"\" > -->\n\n\n\n<div class=\"col-sm-4\">\n\t<div class=\"acf-innerblocks-container\">\n\n<figure class=\"wp-block-image size-full\"><img loading=\"lazy\" decoding=\"async\" width=\"600\" height=\"600\" src=\"http:\/\/fest.gimm.pt\/wp-content\/uploads\/sites\/25\/2026\/08\/Paula-Peixe_Website.png\" alt=\"\" class=\"wp-image-987\" srcset=\"https:\/\/fest.gimm.pt\/wp-content\/uploads\/sites\/25\/2026\/08\/Paula-Peixe_Website.png 600w, https:\/\/fest.gimm.pt\/wp-content\/uploads\/sites\/25\/2026\/08\/Paula-Peixe_Website-300x300.png 300w, https:\/\/fest.gimm.pt\/wp-content\/uploads\/sites\/25\/2026\/08\/Paula-Peixe_Website-150x150.png 150w\" sizes=\"(max-width: 600px) 100vw, 600px\" \/><\/figure>\n\n\n\n<h6 class=\"wp-block-heading has-text-align-center\"><strong><strong><strong><strong><strong><strong><strong>Paula Peixe<\/strong><\/strong><\/strong><\/strong><\/strong><\/strong><\/strong><\/h6>\n\n\n\n<h6 class=\"wp-block-heading has-text-align-center\">Associa\u00e7\u00e3o Portuguesa para o Estudo do F\u00edgado (APEF)<\/h6>\n\n<\/div>\n<\/div>\n<!-- <\/div> -->\n\n<!-- <div style=\"position: relative;\" id=\"\" > -->\n\n\n\n<div class=\"col-sm-8\">\n\t<div class=\"acf-innerblocks-container\">\n\n<p><strong>Paula Peixe<\/strong>&nbsp;\u00e9 Presidente da Associa\u00e7\u00e3o Portuguesa para o Estudo do F\u00edgado e m\u00e9dica especialista em Gastrenterologia, com subespecialidade em Hepatologia, na Unidade Local de Sa\u00fade Lisboa Ocidental (ULSLO) \u2013 Hospital Egas Moniz. Licenciada pela Faculdade de Ci\u00eancias M\u00e9dicas de Lisboa, exerce tamb\u00e9m atividade acad\u00e9mica como Assistente de Medicina na NOVA Medical School e como Professora Auxiliar Convidada no Mestrado em Nutri\u00e7\u00e3o Cl\u00ednica do Instituto Superior de Ci\u00eancias da Sa\u00fade Egas Moniz. Ao longo do seu percurso profissional, tem integrado diversos \u00f3rg\u00e3os e estruturas na \u00e1rea da \u00e9tica e da qualidade em sa\u00fade, incluindo a Comiss\u00e3o de \u00c9tica da ULSLO, \u00e0 qual preside. \u00c9 autora de publica\u00e7\u00f5es em revistas cient\u00edficas nacionais e internacionais e revisora de v\u00e1rias publica\u00e7\u00f5es especializadas.<\/p>\n\n<\/div>\n<\/div>\n<!-- <\/div> -->\n<\/div>\n\n\t<\/div>\n<\/div>\n<\/div>\n\t\t\t\t\t<\/div>\n\t\t\t\t\t\t\t\t\t<\/div>\n\t\t\t<\/div>\n\t\t<\/div>\n\t\n<\/div>\n\n<div id=\"\" class=\"wp-block-gimm-modal-content\">\n\n\t\n\t\t\t<div class=\"modal fade\"  id=\"speaker12\" data-bs-backdrop=\"static\" data-bs-keyboard=\"false\" tabindex=\"-1\" aria-labelledby=\"staticBackdropLabel\"\n\t\t\taria-hidden=\"true\">\n\n\t\t\t<div class=\"modal-dialog  modal-xl \">\n\t\t\t\t<div class=\"modal-content\">\n\t\t\t\t\t\t\t\t\t\t\t<div class=\"modal-header\">\n\t\t\t\t\t\t\t<h1 class=\"modal-title fs-5\" id=\"staticBackdropLabel\">Speaker<\/h1>\n\t\t\t\t\t\t\t<button type=\"button\" class=\"btn-close\" data-bs-dismiss=\"modal\" aria-label=\"Close\"><\/button>\n\t\t\t\t\t\t<\/div>\n\t\t\t\t\t\n\t\t\t\t\t<div class=\"modal-body\">\n\t\t\t\t\t\t<div class=\"acf-innerblocks-container\">\n<div style=\"position: relative;\" id=\"\" >\n\n\n\t\n\t<div>\n\n\t\t<div class=\"row\">\n<!-- <div style=\"position: relative;\" id=\"\" > -->\n\n\n\n<div class=\"col-sm-4\">\n\t<div class=\"acf-innerblocks-container\">\n\n<figure class=\"wp-block-image size-full\"><img decoding=\"async\" src=\"http:\/\/fest.gimm.pt\/wp-content\/uploads\/sites\/25\/2026\/07\/Ricardo-Fernandes_Website.png\" alt=\"\" class=\"wp-image-917\"\/><\/figure>\n\n\n\n<h6 class=\"wp-block-heading has-text-align-center\"><strong><strong><strong><strong><strong><strong><strong>Ricardo Fernandes<\/strong><\/strong><\/strong><\/strong><\/strong><\/strong><\/strong><\/h6>\n\n\n\n<h6 class=\"wp-block-heading has-text-align-center\"><strong>GAT &#8211; Grupo de Ativistas em Tratamentos<\/strong><\/h6>\n\n<\/div>\n<\/div>\n<!-- <\/div> -->\n\n<!-- <div style=\"position: relative;\" id=\"\" > -->\n\n\n\n<div class=\"col-sm-8\">\n\t<div class=\"acf-innerblocks-container\">\n\n<p><strong>Ricardo Fernandes<\/strong> \u00e9 ativista e exerce atualmente fun\u00e7\u00f5es como Diretor-Geral Adjunto no GAT, uma organiza\u00e7\u00e3o que apoia comunidades vulner\u00e1veis ao VIH, hepatites virais, tuberculose e outras IST atrav\u00e9s de servi\u00e7os de sa\u00fade sexual e de redu\u00e7\u00e3o de riscos liderados por pares, bem como atrav\u00e9s de advocacy nacional e internacional. Atua na \u00e1rea desde 2000, com ampla experi\u00eancia em coordena\u00e7\u00e3o de projetos, gest\u00e3o organizacional e lideran\u00e7a. Ricardo \u00e9 membro e antigo Presidente do European AIDS Treatment Group (EATG) e coautor de estudos sobre estigma, diagn\u00f3stico tardio e literacia em sa\u00fade.<\/p>\n\n<\/div>\n<\/div>\n<!-- <\/div> -->\n<\/div>\n\n\t<\/div>\n<\/div>\n<\/div>\n\t\t\t\t\t<\/div>\n\t\t\t\t\t\t\t\t\t<\/div>\n\t\t\t<\/div>\n\t\t<\/div>\n\t\n<\/div>\n\n<div id=\"\" class=\"wp-block-gimm-modal-content\">\n\n\t\n\t\t\t<div class=\"modal fade\"  id=\"speaker13\" data-bs-backdrop=\"static\" data-bs-keyboard=\"false\" tabindex=\"-1\" aria-labelledby=\"staticBackdropLabel\"\n\t\t\taria-hidden=\"true\">\n\n\t\t\t<div class=\"modal-dialog  modal-xl \">\n\t\t\t\t<div class=\"modal-content\">\n\t\t\t\t\t\t\t\t\t\t\t<div class=\"modal-header\">\n\t\t\t\t\t\t\t<h1 class=\"modal-title fs-5\" id=\"staticBackdropLabel\">Speaker<\/h1>\n\t\t\t\t\t\t\t<button type=\"button\" class=\"btn-close\" data-bs-dismiss=\"modal\" aria-label=\"Close\"><\/button>\n\t\t\t\t\t\t<\/div>\n\t\t\t\t\t\n\t\t\t\t\t<div class=\"modal-body\">\n\t\t\t\t\t\t<div class=\"acf-innerblocks-container\">\n<div style=\"position: relative;\" id=\"\" >\n\n\n\t\n\t<div>\n\n\t\t<div class=\"row\">\n<!-- <div style=\"position: relative;\" id=\"\" > -->\n\n\n\n<div class=\"col-sm-4\">\n\t<div class=\"acf-innerblocks-container\">\n\n<figure class=\"wp-block-image size-full\"><img loading=\"lazy\" decoding=\"async\" width=\"600\" height=\"600\" src=\"http:\/\/fest.gimm.pt\/wp-content\/uploads\/sites\/25\/2026\/07\/Sara-Sa_Website.png\" alt=\"\" class=\"wp-image-796\" srcset=\"https:\/\/fest.gimm.pt\/wp-content\/uploads\/sites\/25\/2026\/07\/Sara-Sa_Website.png 600w, https:\/\/fest.gimm.pt\/wp-content\/uploads\/sites\/25\/2026\/07\/Sara-Sa_Website-300x300.png 300w, https:\/\/fest.gimm.pt\/wp-content\/uploads\/sites\/25\/2026\/07\/Sara-Sa_Website-150x150.png 150w\" sizes=\"(max-width: 600px) 100vw, 600px\" \/><\/figure>\n\n\n\n<h6 class=\"wp-block-heading has-text-align-center\"><strong><strong><strong><strong><strong><strong><strong>Sara S\u00e1<\/strong><\/strong><\/strong><\/strong><\/strong><\/strong><\/strong><\/h6>\n\n\n\n<h6 class=\"wp-block-heading has-text-align-center\"><strong><strong><strong><strong><strong><strong><strong><strong>GIMM<\/strong><\/strong><\/strong><\/strong><\/strong><\/strong><\/strong><\/strong><\/h6>\n\n<\/div>\n<\/div>\n<!-- <\/div> -->\n\n<!-- <div style=\"position: relative;\" id=\"\" > -->\n\n\n\n<div class=\"col-sm-8\">\n\t<div class=\"acf-innerblocks-container\">\n\n<p><strong>Sara S\u00e1<\/strong> \u00e9 respons\u00e1vel pela Comunica\u00e7\u00e3o de Ci\u00eancia no GIMM. Jornalista de ci\u00eancia durante mais de duas d\u00e9cadas antes de se dedicar \u00e0 comunica\u00e7\u00e3o institucional, trabalhou em imprensa, meios digitais e televis\u00e3o, cobrindo temas de ci\u00eancia, sa\u00fade, tecnologia e ambiente. No GIMM, desenvolve estrat\u00e9gias de comunica\u00e7\u00e3o, produz conte\u00fados para diferentes plataformas e dinamiza iniciativas de envolvimento com o p\u00fablico que aproximam a investiga\u00e7\u00e3o biom\u00e9dica da sociedade. Dedicada a tornar a ci\u00eancia complexa mais acess\u00edvel, procura sempre a melhor forma de tornar a investiga\u00e7\u00e3o mais pr\u00f3xima, relevante e envolvente para diferentes p\u00fablicos. \u00c9 licenciada em Engenharia Aeroespacial e autora de um livro de divulga\u00e7\u00e3o cient\u00edfica que explora alguns dos mitos mais comuns sobre a ci\u00eancia.<\/p>\n\n<\/div>\n<\/div>\n<!-- <\/div> -->\n<\/div>\n\n\t<\/div>\n<\/div>\n<\/div>\n\t\t\t\t\t<\/div>\n\t\t\t\t\t\t\t\t\t<\/div>\n\t\t\t<\/div>\n\t\t<\/div>\n\t\n<\/div>\n\n<div id=\"\" class=\"wp-block-gimm-modal-content\">\n\n\t\n\t\t\t<div class=\"modal fade\"  id=\"speaker14\" data-bs-backdrop=\"static\" data-bs-keyboard=\"false\" tabindex=\"-1\" aria-labelledby=\"staticBackdropLabel\"\n\t\t\taria-hidden=\"true\">\n\n\t\t\t<div class=\"modal-dialog  modal-xl \">\n\t\t\t\t<div class=\"modal-content\">\n\t\t\t\t\t\t\t\t\t\t\t<div class=\"modal-header\">\n\t\t\t\t\t\t\t<h1 class=\"modal-title fs-5\" id=\"staticBackdropLabel\">Speaker<\/h1>\n\t\t\t\t\t\t\t<button type=\"button\" class=\"btn-close\" data-bs-dismiss=\"modal\" aria-label=\"Close\"><\/button>\n\t\t\t\t\t\t<\/div>\n\t\t\t\t\t\n\t\t\t\t\t<div class=\"modal-body\">\n\t\t\t\t\t\t<div class=\"acf-innerblocks-container\">\n<div style=\"position: relative;\" id=\"\" >\n\n\n\t\n\t<div>\n\n\t\t<div class=\"row\">\n<!-- <div style=\"position: relative;\" id=\"\" > -->\n\n\n\n<div class=\"col-sm-4\">\n\t<div class=\"acf-innerblocks-container\">\n\n<figure class=\"wp-block-image size-full\"><img loading=\"lazy\" decoding=\"async\" width=\"600\" height=\"600\" src=\"http:\/\/fest.gimm.pt\/wp-content\/uploads\/sites\/25\/2026\/05\/Charles-Rice_Site.png\" alt=\"\" class=\"wp-image-570\" srcset=\"https:\/\/fest.gimm.pt\/wp-content\/uploads\/sites\/25\/2026\/05\/Charles-Rice_Site.png 600w, https:\/\/fest.gimm.pt\/wp-content\/uploads\/sites\/25\/2026\/05\/Charles-Rice_Site-300x300.png 300w, https:\/\/fest.gimm.pt\/wp-content\/uploads\/sites\/25\/2026\/05\/Charles-Rice_Site-150x150.png 150w\" sizes=\"(max-width: 600px) 100vw, 600px\" \/><\/figure>\n\n\n\n<h6 class=\"wp-block-heading has-text-align-center\"><strong><strong><strong><strong><strong><strong><strong>Charles Rice<\/strong><\/strong><\/strong><\/strong><\/strong><\/strong><\/strong><\/h6>\n\n\n\n<h6 class=\"wp-block-heading has-text-align-center\"><strong><strong><strong><strong><strong><strong><strong><strong>Rockefeller University<\/strong><\/strong><\/strong><\/strong><\/strong><\/strong><\/strong><\/strong><\/h6>\n\n<\/div>\n<\/div>\n<!-- <\/div> -->\n\n<!-- <div style=\"position: relative;\" id=\"\" > -->\n\n\n\n<div class=\"col-sm-8\">\n\t<div class=\"acf-innerblocks-container\">\n\n<p><strong>Charles Rice<\/strong> \u00e9 um virologista americano e Professor na Rockefeller University, em Nova Iorque, mais conhecido pelo seu trabalho pioneiro sobre o v\u00edrus da hepatite C. Partilhou o Pr\u00e9mio Nobel de Fisiologia ou Medicina de 2020 por descobertas que permitiram fazer an\u00e1lises fi\u00e1veis ao sangue e o desenvolvimento de terapias antivirais curativas, transformando profundamente a compreens\u00e3o e o tratamento das hepatites virais. Nascido em 1952, em Sacramento, Calif\u00f3rnia, Rice licenciou-se em zoologia na Universidade da Calif\u00f3rnia, Davis, e doutorou-se em bioqu\u00edmica no Caltech, onde come\u00e7ou a focar a sua investiga\u00e7\u00e3o em v\u00edrus de RNA. Para al\u00e9m do Nobel, recebeu alguns dos mais prestigiados pr\u00e9mios da \u00e1rea, incluindo o Lasker-DeBakey Clinical Medical Research Award, o Pr\u00e9mio Robert Koch e o InBev-Baillet Latour Health Prize. Membro da U.S. National Academy of Sciences e Fellow da AAAS, \u00e9 autor de mais de 400 publica\u00e7\u00f5es cient\u00edficas e amplamente reconhecido como uma das figuras centrais da virologia moderna.<\/p>\n\n<\/div>\n<\/div>\n<!-- <\/div> -->\n<\/div>\n\n\t<\/div>\n<\/div>\n<\/div>\n\t\t\t\t\t<\/div>\n\t\t\t\t\t\t\t\t\t<\/div>\n\t\t\t<\/div>\n\t\t<\/div>\n\t\n<\/div>\n\n<div id=\"\" class=\"wp-block-gimm-modal-content\">\n\n\t\n\t\t\t<div class=\"modal fade\"  id=\"speaker15\" data-bs-backdrop=\"static\" data-bs-keyboard=\"false\" tabindex=\"-1\" aria-labelledby=\"staticBackdropLabel\"\n\t\t\taria-hidden=\"true\">\n\n\t\t\t<div class=\"modal-dialog  modal-xl \">\n\t\t\t\t<div class=\"modal-content\">\n\t\t\t\t\t\t\t\t\t\t\t<div class=\"modal-header\">\n\t\t\t\t\t\t\t<h1 class=\"modal-title fs-5\" id=\"staticBackdropLabel\">Speaker<\/h1>\n\t\t\t\t\t\t\t<button type=\"button\" class=\"btn-close\" data-bs-dismiss=\"modal\" aria-label=\"Close\"><\/button>\n\t\t\t\t\t\t<\/div>\n\t\t\t\t\t\n\t\t\t\t\t<div class=\"modal-body\">\n\t\t\t\t\t\t<div class=\"acf-innerblocks-container\">\n<div style=\"position: relative;\" id=\"\" >\n\n\n\t\n\t<div>\n\n\t\t<div class=\"row\">\n<!-- <div style=\"position: relative;\" id=\"\" > -->\n\n\n\n<div class=\"col-sm-4\">\n\t<div class=\"acf-innerblocks-container\">\n\n<figure class=\"wp-block-image size-full\"><img loading=\"lazy\" decoding=\"async\" width=\"600\" height=\"600\" src=\"http:\/\/fest.gimm.pt\/wp-content\/uploads\/sites\/25\/2026\/08\/Filipe-Gaspar_Website.png\" alt=\"\" class=\"wp-image-1153\" srcset=\"https:\/\/fest.gimm.pt\/wp-content\/uploads\/sites\/25\/2026\/08\/Filipe-Gaspar_Website.png 600w, https:\/\/fest.gimm.pt\/wp-content\/uploads\/sites\/25\/2026\/08\/Filipe-Gaspar_Website-300x300.png 300w, https:\/\/fest.gimm.pt\/wp-content\/uploads\/sites\/25\/2026\/08\/Filipe-Gaspar_Website-150x150.png 150w\" sizes=\"(max-width: 600px) 100vw, 600px\" \/><\/figure>\n\n\n\n<h6 class=\"wp-block-heading has-text-align-center\"><strong><strong><strong><strong><strong><strong><strong>Filipe Gaspar<\/strong><\/strong><\/strong><\/strong><\/strong><\/strong><\/strong><\/h6>\n\n\n\n<h6 class=\"wp-block-heading has-text-align-center\"><strong><strong><strong><strong><strong><strong><strong><strong>Hovione<\/strong><\/strong><\/strong><\/strong><\/strong><\/strong><\/strong><\/strong><\/h6>\n\n<\/div>\n<\/div>\n<!-- <\/div> -->\n\n<!-- <div style=\"position: relative;\" id=\"\" > -->\n\n\n\n<div class=\"col-sm-8\">\n\t<div class=\"acf-innerblocks-container\">\n\n<p><strong>Filipe Gaspar<\/strong> \u00e9 Vice-Presidente de Intensifica\u00e7\u00e3o Tecnol\u00f3gica na Hovione, onde \u00e9 respons\u00e1vel por sustentar e desenvolver a lideran\u00e7a tecnol\u00f3gica da empresa em Spray Drying e Compress\u00e3o Cont\u00ednua. Supervisiona tamb\u00e9m os processos de inova\u00e7\u00e3o e o portef\u00f3lio da Hovione.<\/p>\n\n\n\n<p>Anteriormente, Filipe exerceu as fun\u00e7\u00f5es de Chief Technology Officer, liderando as \u00e1reas de I&amp;D e Digital da empresa. \u00c9 apaixonado pela inova\u00e7\u00e3o e pela aplica\u00e7\u00e3o da ci\u00eancia, tecnologia e digitaliza\u00e7\u00e3o para impulsionar o desenvolvimento e a produ\u00e7\u00e3o farmac\u00eautica.<\/p>\n\n\n\n<p>Filipe \u00e9 doutorado em Engenharia Qu\u00edmica pela Universidade de Birmingham, Reino Unido.<\/p>\n\n<\/div>\n<\/div>\n<!-- <\/div> -->\n<\/div>\n\n\t<\/div>\n<\/div>\n<\/div>\n\t\t\t\t\t<\/div>\n\t\t\t\t\t\t\t\t\t<\/div>\n\t\t\t<\/div>\n\t\t<\/div>\n\t\n<\/div>\n<\/div>\n\t\t\t<\/div>\n\t\t<\/section>\n\t<\/div>\n\n<\/div>","protected":false},"excerpt":{"rendered":"","protected":false},"author":1004,"featured_media":143,"parent":0,"menu_order":0,"comment_status":"closed","ping_status":"closed","template":"","meta":{"_acf_changed":false,"footnotes":""},"acf":[],"_links":{"self":[{"href":"https:\/\/fest.gimm.pt\/pt-pt\/wp-json\/wp\/v2\/pages\/805"}],"collection":[{"href":"https:\/\/fest.gimm.pt\/pt-pt\/wp-json\/wp\/v2\/pages"}],"about":[{"href":"https:\/\/fest.gimm.pt\/pt-pt\/wp-json\/wp\/v2\/types\/page"}],"author":[{"embeddable":true,"href":"https:\/\/fest.gimm.pt\/pt-pt\/wp-json\/wp\/v2\/users\/1004"}],"replies":[{"embeddable":true,"href":"https:\/\/fest.gimm.pt\/pt-pt\/wp-json\/wp\/v2\/comments?post=805"}],"version-history":[{"count":20,"href":"https:\/\/fest.gimm.pt\/pt-pt\/wp-json\/wp\/v2\/pages\/805\/revisions"}],"predecessor-version":[{"id":1156,"href":"https:\/\/fest.gimm.pt\/pt-pt\/wp-json\/wp\/v2\/pages\/805\/revisions\/1156"}],"wp:featuredmedia":[{"embeddable":true,"href":"https:\/\/fest.gimm.pt\/pt-pt\/wp-json\/wp\/v2\/media\/143"}],"wp:attachment":[{"href":"https:\/\/fest.gimm.pt\/pt-pt\/wp-json\/wp\/v2\/media?parent=805"}],"curies":[{"name":"wp","href":"https:\/\/api.w.org\/{rel}","templated":true}]}}